{"id":7242,"date":"2024-05-02T02:17:25","date_gmt":"2024-05-02T02:17:25","guid":{"rendered":"https:\/\/accademia-italiana.it\/usloviya-uciastia-schkola-italianskogo-salerno\/"},"modified":"2026-03-03T15:18:42","modified_gmt":"2026-03-03T15:18:42","slug":"condicoes-gerais-de-inscricoes-escola-italiano","status":"publish","type":"page","link":"https:\/\/accademia-italiana.it\/pt\/condicoes-gerais-de-inscricoes-escola-italiano\/","title":{"rendered":"Condi\u00e7\u00f5es Gerais de Inscri\u00e7\u00f5es"},"content":{"rendered":"<style>.kb-row-layout-id7242_6e737c-a3 > .kt-row-column-wrap{align-content:start;}:where(.kb-row-layout-id7242_6e737c-a3 > .kt-row-column-wrap) > .wp-block-kadence-column{justify-content:start;}.kb-row-layout-id7242_6e737c-a3 > .kt-row-column-wrap{column-gap:var(--global-kb-gap-md, 2rem);row-gap:var(--global-kb-gap-md, 2rem);max-width:var( --global-content-width, 1400px );padding-left:var(--global-content-edge-padding);padding-right:var(--global-content-edge-padding);padding-top:var(--global-kb-spacing-xxl, 5rem);padding-bottom:var(--global-kb-spacing-xxl, 5rem);grid-template-columns:minmax(0, 1fr);}.kb-row-layout-id7242_6e737c-a3 > .kt-row-layout-overlay{opacity:0.30;}@media all and (max-width: 1024px){.kb-row-layout-id7242_6e737c-a3 > .kt-row-column-wrap{grid-template-columns:minmax(0, 1fr);}}@media all and (max-width: 767px){.kb-row-layout-id7242_6e737c-a3 > .kt-row-column-wrap{grid-template-columns:minmax(0, 1fr);}}<\/style><div class=\"kb-row-layout-wrap kb-row-layout-id7242_6e737c-a3 alignfull has-theme-palette6-background-color kt-row-has-bg wp-block-kadence-rowlayout\"><div class=\"kt-row-column-wrap kt-has-1-columns kt-row-layout-equal kt-tab-layout-inherit kt-mobile-layout-row kt-row-valign-top kb-theme-content-width\">\n<style>.kadence-column7242_28c3a5-1f > .kt-inside-inner-col,.kadence-column7242_28c3a5-1f > .kt-inside-inner-col:before{border-top-left-radius:0px;border-top-right-radius:0px;border-bottom-right-radius:0px;border-bottom-left-radius:0px;}.kadence-column7242_28c3a5-1f > .kt-inside-inner-col{column-gap:var(--global-kb-gap-sm, 1rem);}.kadence-column7242_28c3a5-1f > .kt-inside-inner-col{flex-direction:column;}.kadence-column7242_28c3a5-1f > .kt-inside-inner-col > .aligncenter{width:100%;}.kadence-column7242_28c3a5-1f > .kt-inside-inner-col:before{opacity:0.3;}.kadence-column7242_28c3a5-1f{position:relative;}@media all and (max-width: 1024px){.kadence-column7242_28c3a5-1f > .kt-inside-inner-col{flex-direction:column;justify-content:center;}}@media all and (max-width: 767px){.kadence-column7242_28c3a5-1f > .kt-inside-inner-col{flex-direction:column;justify-content:center;}}<\/style>\n<div class=\"wp-block-kadence-column kadence-column7242_28c3a5-1f\"><div class=\"kt-inside-inner-col\"><style>.kt-accordion-id7242_0d68da-69 .kt-accordion-inner-wrap{column-gap:var(--global-kb-gap-md, 2rem);row-gap:10px;}.kt-accordion-id7242_0d68da-69 .kt-accordion-panel-inner{border-top:0px solid transparent;border-right:0px solid transparent;border-bottom:0px solid rgba(113,12,12,0.63);border-left:0px solid transparent;border-bottom-right-radius:0px;background:var(--global-palette6, #718096);padding-top:var(--global-kb-spacing-xxs, 0.5rem);padding-right:var(--global-kb-spacing-xl, 4rem);padding-bottom:var(--global-kb-spacing-sm, 1.5rem);padding-left:var(--global-kb-spacing-xs, 1rem);}.kt-accordion-id7242_0d68da-69 > .kt-accordion-inner-wrap > .wp-block-kadence-pane > .kt-accordion-header-wrap > .kt-blocks-accordion-header{border-top:1px solid rgba(113,12,12,0.76);border-right:0px solid #eeeeee;border-bottom:0px solid #eeeeee;border-left:0px solid #eeeeee;border-top-left-radius:0px;border-top-right-radius:0px;border-bottom-right-radius:0px;border-bottom-left-radius:0px;background:var(--global-palette6, #718096);font-size:18px;font-weight:600;color:var(--global-palette3, #1A202C);padding-top:30px;padding-right:16px;padding-bottom:20px;padding-left:16px;}.kt-accordion-id7242_0d68da-69:not( .kt-accodion-icon-style-basiccircle ):not( .kt-accodion-icon-style-xclosecircle ):not( .kt-accodion-icon-style-arrowcircle )  > .kt-accordion-inner-wrap > .wp-block-kadence-pane > .kt-accordion-header-wrap .kt-blocks-accordion-icon-trigger:after, .kt-accordion-id7242_0d68da-69:not( .kt-accodion-icon-style-basiccircle ):not( .kt-accodion-icon-style-xclosecircle ):not( .kt-accodion-icon-style-arrowcircle )  > .kt-accordion-inner-wrap > .wp-block-kadence-pane > .kt-accordion-header-wrap .kt-blocks-accordion-icon-trigger:before{background:var(--global-palette3, #1A202C);}.kt-accordion-id7242_0d68da-69 .kt-accordion-panel-inner, .kt-accordion-id7242_0d68da-69 .kt-accordion-panel-inner h1, .kt-accordion-id7242_0d68da-69 .kt-accordion-panel-inner h2, .kt-accordion-id7242_0d68da-69 .kt-accordion-panel-inner h3, .kt-accordion-id7242_0d68da-69 .kt-accordion-panel-inner h4, .kt-accordion-id7242_0d68da-69 .kt-accordion-panel-inner h5, .kt-accordion-id7242_0d68da-69 .kt-accordion-panel-inner h6{color:var(--global-palette5, #4A5568);}.kt-accordion-id7242_0d68da-69 .kt-accordion-panel-inner a{color:var(--global-palette2, #2B6CB0);}.kt-accordion-id7242_0d68da-69 .kt-accordion-panel-inner a:hover{color:var(--global-palette2, #2B6CB0);}.kt-accordion-id7242_0d68da-69:not( .kt-accodion-icon-style-basic ):not( .kt-accodion-icon-style-xclose ):not( .kt-accodion-icon-style-arrow ) .kt-blocks-accordion-icon-trigger{background:var(--global-palette3, #1A202C);}.kt-accordion-id7242_0d68da-69:not( .kt-accodion-icon-style-basic ):not( .kt-accodion-icon-style-xclose ):not( .kt-accodion-icon-style-arrow ) .kt-blocks-accordion-icon-trigger:after, .kt-accordion-id7242_0d68da-69:not( .kt-accodion-icon-style-basic ):not( .kt-accodion-icon-style-xclose ):not( .kt-accodion-icon-style-arrow ) .kt-blocks-accordion-icon-trigger:before{background:var(--global-palette6, #718096);}.kt-accordion-id7242_0d68da-69 > .kt-accordion-inner-wrap > .wp-block-kadence-pane > .kt-accordion-header-wrap > .kt-blocks-accordion-header:hover, \n\t\t\t\tbody:not(.hide-focus-outline) .kt-accordion-id7242_0d68da-69 .kt-blocks-accordion-header:focus-visible{color:var(--global-palette3, #1A202C);background:var(--global-palette6, #718096);border-top:1px solid rgba(113,12,12,0.63);border-right:0px solid #d4d4d4;border-bottom:0px solid #d4d4d4;border-left:0px solid #d4d4d4;}.kt-accordion-id7242_0d68da-69:not( .kt-accodion-icon-style-basiccircle ):not( .kt-accodion-icon-style-xclosecircle ):not( .kt-accodion-icon-style-arrowcircle ) .kt-accordion-header-wrap .kt-blocks-accordion-header:hover .kt-blocks-accordion-icon-trigger:after, .kt-accordion-id7242_0d68da-69:not( .kt-accodion-icon-style-basiccircle ):not( .kt-accodion-icon-style-xclosecircle ):not( .kt-accodion-icon-style-arrowcircle ) .kt-accordion-header-wrap .kt-blocks-accordion-header:hover .kt-blocks-accordion-icon-trigger:before, body:not(.hide-focus-outline) .kt-accordion-id7242_0d68da-69:not( .kt-accodion-icon-style-basiccircle ):not( .kt-accodion-icon-style-xclosecircle ):not( .kt-accodion-icon-style-arrowcircle ) .kt-blocks-accordion--visible .kt-blocks-accordion-icon-trigger:after, body:not(.hide-focus-outline) .kt-accordion-id7242_0d68da-69:not( .kt-accodion-icon-style-basiccircle ):not( .kt-accodion-icon-style-xclosecircle ):not( .kt-accodion-icon-style-arrowcircle ) .kt-blocks-accordion-header:focus-visible .kt-blocks-accordion-icon-trigger:before{background:var(--global-palette3, #1A202C);}.kt-accordion-id7242_0d68da-69:not( .kt-accodion-icon-style-basic ):not( .kt-accodion-icon-style-xclose ):not( .kt-accodion-icon-style-arrow ) .kt-accordion-header-wrap .kt-blocks-accordion-header:hover .kt-blocks-accordion-icon-trigger, body:not(.hide-focus-outline) .kt-accordion-id7242_0d68da-69:not( .kt-accodion-icon-style-basic ):not( .kt-accodion-icon-style-xclose ):not( .kt-accodion-icon-style-arrow ) .kt-accordion-header-wrap .kt-blocks-accordion-header:focus-visible .kt-blocks-accordion-icon-trigger{background:var(--global-palette3, #1A202C);}.kt-accordion-id7242_0d68da-69:not( .kt-accodion-icon-style-basic ):not( .kt-accodion-icon-style-xclose ):not( .kt-accodion-icon-style-arrow ) .kt-accordion-header-wrap .kt-blocks-accordion-header:hover .kt-blocks-accordion-icon-trigger:after, .kt-accordion-id7242_0d68da-69:not( .kt-accodion-icon-style-basic ):not( .kt-accodion-icon-style-xclose ):not( .kt-accodion-icon-style-arrow ) .kt-accordion-header-wrap .kt-blocks-accordion-header:hover .kt-blocks-accordion-icon-trigger:before, body:not(.hide-focus-outline) .kt-accordion-id7242_0d68da-69:not( .kt-accodion-icon-style-basic ):not( .kt-accodion-icon-style-xclose ):not( .kt-accodion-icon-style-arrow ) .kt-accordion-header-wrap .kt-blocks-accordion-header:focus-visible .kt-blocks-accordion-icon-trigger:after, body:not(.hide-focus-outline) .kt-accordion-id7242_0d68da-69:not( .kt-accodion-icon-style-basic ):not( .kt-accodion-icon-style-xclose ):not( .kt-accodion-icon-style-arrow ) .kt-accordion-header-wrap .kt-blocks-accordion-header:focus-visible .kt-blocks-accordion-icon-trigger:before{background:var(--global-palette6, #718096);}.kt-accordion-id7242_0d68da-69 .kt-accordion-header-wrap .kt-blocks-accordion-header:focus-visible,\n\t\t\t\t.kt-accordion-id7242_0d68da-69 > .kt-accordion-inner-wrap > .wp-block-kadence-pane > .kt-accordion-header-wrap > .kt-blocks-accordion-header.kt-accordion-panel-active{color:var(--global-palette3, #1A202C);background:var(--global-palette6, #718096);border-top:1px solid rgba(113,12,12,0.63);border-right-color:#eeeeee;border-right-style:solid;border-bottom-color:#eeeeee;border-bottom-style:solid;border-left-color:#0e9cd1;border-left-style:solid;}.kt-accordion-id7242_0d68da-69:not( .kt-accodion-icon-style-basiccircle ):not( .kt-accodion-icon-style-xclosecircle ):not( .kt-accodion-icon-style-arrowcircle )  > .kt-accordion-inner-wrap > .wp-block-kadence-pane > .kt-accordion-header-wrap > .kt-blocks-accordion-header.kt-accordion-panel-active .kt-blocks-accordion-icon-trigger:after, .kt-accordion-id7242_0d68da-69:not( .kt-accodion-icon-style-basiccircle ):not( .kt-accodion-icon-style-xclosecircle ):not( .kt-accodion-icon-style-arrowcircle )  > .kt-accordion-inner-wrap > .wp-block-kadence-pane > .kt-accordion-header-wrap > .kt-blocks-accordion-header.kt-accordion-panel-active .kt-blocks-accordion-icon-trigger:before{background:var(--global-palette3, #1A202C);}.kt-accordion-id7242_0d68da-69:not( .kt-accodion-icon-style-basic ):not( .kt-accodion-icon-style-xclose ):not( .kt-accodion-icon-style-arrow ) .kt-blocks-accordion-header.kt-accordion-panel-active .kt-blocks-accordion-icon-trigger{background:var(--global-palette3, #1A202C);}.kt-accordion-id7242_0d68da-69:not( .kt-accodion-icon-style-basic ):not( .kt-accodion-icon-style-xclose ):not( .kt-accodion-icon-style-arrow ) .kt-blocks-accordion-header.kt-accordion-panel-active .kt-blocks-accordion-icon-trigger:after, .kt-accordion-id7242_0d68da-69:not( .kt-accodion-icon-style-basic ):not( .kt-accodion-icon-style-xclose ):not( .kt-accodion-icon-style-arrow ) .kt-blocks-accordion-header.kt-accordion-panel-active .kt-blocks-accordion-icon-trigger:before{background:var(--global-palette6, #718096);}@media all and (max-width: 1024px){.kt-accordion-id7242_0d68da-69 .kt-accordion-panel-inner{border-top:0px solid transparent;border-right:0px solid transparent;border-bottom:0px solid rgba(113,12,12,0.63);border-left:0px solid transparent;}}@media all and (max-width: 1024px){.kt-accordion-id7242_0d68da-69 > .kt-accordion-inner-wrap > .wp-block-kadence-pane > .kt-accordion-header-wrap > .kt-blocks-accordion-header{border-top:1px solid rgba(113,12,12,0.76);border-right:0px solid #eeeeee;border-bottom:0px solid #eeeeee;border-left:0px solid #eeeeee;}}@media all and (max-width: 1024px){.kt-accordion-id7242_0d68da-69 > .kt-accordion-inner-wrap > .wp-block-kadence-pane > .kt-accordion-header-wrap > .kt-blocks-accordion-header:hover, \n\t\t\t\tbody:not(.hide-focus-outline) .kt-accordion-id7242_0d68da-69 .kt-blocks-accordion-header:focus-visible{border-top:1px solid rgba(113,12,12,0.63);border-right:0px solid #d4d4d4;border-bottom:0px solid #d4d4d4;border-left:0px solid #d4d4d4;}}@media all and (max-width: 1024px){.kt-accordion-id7242_0d68da-69 .kt-accordion-header-wrap .kt-blocks-accordion-header:focus-visible,\n\t\t\t\t.kt-accordion-id7242_0d68da-69 > .kt-accordion-inner-wrap > .wp-block-kadence-pane > .kt-accordion-header-wrap > .kt-blocks-accordion-header.kt-accordion-panel-active{border-top:1px solid rgba(113,12,12,0.63);border-right-color:#eeeeee;border-right-style:solid;border-bottom-color:#eeeeee;border-bottom-style:solid;border-left-color:#0e9cd1;border-left-style:solid;}}@media all and (max-width: 767px){.kt-accordion-id7242_0d68da-69 .kt-accordion-inner-wrap{display:block;}.kt-accordion-id7242_0d68da-69 .kt-accordion-inner-wrap .kt-accordion-pane:not(:first-child){margin-top:10px;}.kt-accordion-id7242_0d68da-69 .kt-accordion-panel-inner{border-top:0px solid transparent;border-right:0px solid transparent;border-bottom:0px solid rgba(113,12,12,0.63);border-left:0px solid transparent;}.kt-accordion-id7242_0d68da-69 > .kt-accordion-inner-wrap > .wp-block-kadence-pane > .kt-accordion-header-wrap > .kt-blocks-accordion-header{border-top:1px solid rgba(113,12,12,0.76);border-right:0px solid #eeeeee;border-bottom:0px solid #eeeeee;border-left:0px solid #eeeeee;}.kt-accordion-id7242_0d68da-69 > .kt-accordion-inner-wrap > .wp-block-kadence-pane > .kt-accordion-header-wrap > .kt-blocks-accordion-header:hover, \n\t\t\t\tbody:not(.hide-focus-outline) .kt-accordion-id7242_0d68da-69 .kt-blocks-accordion-header:focus-visible{border-top:1px solid rgba(113,12,12,0.63);border-right:0px solid #d4d4d4;border-bottom:0px solid #d4d4d4;border-left:0px solid #d4d4d4;}.kt-accordion-id7242_0d68da-69 .kt-accordion-header-wrap .kt-blocks-accordion-header:focus-visible,\n\t\t\t\t.kt-accordion-id7242_0d68da-69 > .kt-accordion-inner-wrap > .wp-block-kadence-pane > .kt-accordion-header-wrap > .kt-blocks-accordion-header.kt-accordion-panel-active{border-top:1px solid rgba(113,12,12,0.63);border-right-color:#eeeeee;border-right-style:solid;border-bottom-color:#eeeeee;border-bottom-style:solid;border-left-color:#0e9cd1;border-left-style:solid;}}<\/style>\n<div class=\"wp-block-kadence-accordion alignnone ais-accordion\"><div class=\"kt-accordion-wrap kt-accordion-id7242_0d68da-69 kt-accordion-has-17-panes kt-active-pane-0 kt-accordion-block kt-pane-header-alignment-left kt-accodion-icon-style-basic kt-accodion-icon-side-right\" style=\"max-width:none\"><div class=\"kt-accordion-inner-wrap\" data-allow-multiple-open=\"false\" data-start-open=\"none\">\n<div class=\"wp-block-kadence-pane kt-accordion-pane kt-accordion-pane-1 kt-pane7242_eb34f4-7e\"><div class=\"kt-accordion-header-wrap\"><button class=\"kt-blocks-accordion-header kt-acccordion-button-label-show\" type=\"button\"><span class=\"kt-blocks-accordion-title-wrap\"><span class=\"kt-blocks-accordion-title\">Aulas<\/span><\/span><span class=\"kt-blocks-accordion-icon-trigger\"><\/span><\/button><\/div><div class=\"kt-accordion-panel kt-accordion-panel-hidden\"><div class=\"kt-accordion-panel-inner\"><style>.wp-block-kadence-advancedheading.kt-adv-heading7242_7d6a91-dc, .wp-block-kadence-advancedheading.kt-adv-heading7242_7d6a91-dc[data-kb-block=\"kb-adv-heading7242_7d6a91-dc\"]{font-style:normal;}.wp-block-kadence-advancedheading.kt-adv-heading7242_7d6a91-dc mark.kt-highlight, .wp-block-kadence-advancedheading.kt-adv-heading7242_7d6a91-dc[data-kb-block=\"kb-adv-heading7242_7d6a91-dc\"] mark.kt-highlight{font-style:normal;color:#f76a0c;-webkit-box-decoration-break:clone;box-decoration-break:clone;padding-top:0px;padding-right:0px;padding-bottom:0px;padding-left:0px;}.wp-block-kadence-advancedheading.kt-adv-heading7242_7d6a91-dc img.kb-inline-image, .wp-block-kadence-advancedheading.kt-adv-heading7242_7d6a91-dc[data-kb-block=\"kb-adv-heading7242_7d6a91-dc\"] img.kb-inline-image{width:150px;vertical-align:baseline;}<\/style>\n<h4 class=\"kt-adv-heading7242_7d6a91-dc wp-block-kadence-advancedheading has-theme-palette-3-color has-text-color\" data-kb-block=\"kb-adv-heading7242_7d6a91-dc\"><strong>1.A<\/strong><\/h4>\n\n\n\n<p>Os <strong>Cursos de Italiano em Grupo<\/strong> realizam-se de segunda a sexta-feira, exceto nos feriados oficiais italianos. No primeiro dia, os estudantes devem estar na escola \u00e0s 08h30. Cada aula tem a dura\u00e7\u00e3o de 45 minutos. As aulas em grupo decorrem normalmente no per\u00edodo da manh\u00e3; no entanto, ocasionalmente (em \u00e9poca alta), podem ser realizadas \u00e0 tarde. As aulas individuais s\u00e3o geralmente ministradas no per\u00edodo da tarde.<\/p>\n\n\n\n<p>O n\u00famero total de aulas inclui o teste de n\u00edvel, o exame final e a avalia\u00e7\u00e3o final. Existem 6 n\u00edveis diferentes (A1\u2013C1) e a conclus\u00e3o de um curso de 4 semanas n\u00e3o garante a passagem ao n\u00edvel seguinte. No raro caso de um estudante ser o \u00fanico inscrito para um determinado n\u00edvel ap\u00f3s realizar o teste de n\u00edvel, o seu curso ser\u00e1 convertido em aulas individuais (one-to-one), com uma redu\u00e7\u00e3o de 50% do n\u00famero de aulas. Caso haja apenas 2 ou 3 estudantes num determinado n\u00edvel, a carga hor\u00e1ria ser\u00e1 reduzida em 25% (por exemplo: 3 aulas semi-individuais em vez de 4 aulas de grupo por dia), tendo em conta a natureza mais intensiva de turmas com n\u00famero reduzido de participantes.<\/p>\n\n\n\n<p>Ap\u00f3s o in\u00edcio do curso, \u00e9 poss\u00edvel alter\u00e1-lo apenas para um curso mais intensivo, nunca para um menos intensivo, respeitando sempre o per\u00edodo total previamente reservado. Caso o estudante falte \u00e0s aulas ou decida encurtar a dura\u00e7\u00e3o do curso ap\u00f3s o seu in\u00edcio, as aulas perdidas n\u00e3o poder\u00e3o ser recuperadas e n\u00e3o haver\u00e1 reembolso das propinas. As aulas n\u00e3o se realizam, regra geral, em feriados p\u00fablicos. Todas as datas oficiais de in\u00edcio dos cursos est\u00e3o previstas para uma segunda-feira. Se uma segunda-feira coincidir com um feriado p\u00fablico, o curso ter\u00e1 in\u00edcio na ter\u00e7a-feira seguinte. As aulas n\u00e3o realizadas devido a feriados p\u00fablicos ser\u00e3o compensadas durante a mesma semana.<\/p>\n\n\n\n<p>Todos os estudantes que iniciem o curso numa data diferente das datas oficiais de in\u00edcio ser\u00e3o integrados num grupo que j\u00e1 tenha come\u00e7ado anteriormente. Nestes casos, recomendamos vivamente que o estudante reserve tamb\u00e9m um curso Superintensivo na primeira semana, a fim de recuperar as unidades j\u00e1 lecionadas. As aulas individuais realizam-se geralmente no per\u00edodo da tarde e t\u00eam a dura\u00e7\u00e3o de 45 minutos cada.<\/p>\n\n\n\n<p>Caso a escola n\u00e3o consiga cumprir qualquer curso ao qual esteja contratualmente obrigada devido a motivos de For\u00e7a Maior (pandemia, terramoto, inc\u00eandio, cat\u00e1strofe natural, atos governamentais, falha de fornecedores ou subcontratados, conflitos laborais) ou por outras raz\u00f5es fora do seu controlo, far\u00e1 o poss\u00edvel para minimizar os inconvenientes e transferir\u00e1 imediatamente todos os cursos presenciais de italiano para a modalidade ONLINE, mantendo o mesmo hor\u00e1rio e a mesma dura\u00e7\u00e3o previamente previstos para os cursos presenciais. Nestas circunst\u00e2ncias, n\u00e3o ser\u00e1 concedido qualquer reembolso.<\/p>\n\n\n<style>.wp-block-kadence-advancedheading.kt-adv-heading7242_ab0cf4-1d, .wp-block-kadence-advancedheading.kt-adv-heading7242_ab0cf4-1d[data-kb-block=\"kb-adv-heading7242_ab0cf4-1d\"]{font-style:normal;}.wp-block-kadence-advancedheading.kt-adv-heading7242_ab0cf4-1d mark.kt-highlight, .wp-block-kadence-advancedheading.kt-adv-heading7242_ab0cf4-1d[data-kb-block=\"kb-adv-heading7242_ab0cf4-1d\"] mark.kt-highlight{font-style:normal;color:#f76a0c;-webkit-box-decoration-break:clone;box-decoration-break:clone;padding-top:0px;padding-right:0px;padding-bottom:0px;padding-left:0px;}.wp-block-kadence-advancedheading.kt-adv-heading7242_ab0cf4-1d img.kb-inline-image, .wp-block-kadence-advancedheading.kt-adv-heading7242_ab0cf4-1d[data-kb-block=\"kb-adv-heading7242_ab0cf4-1d\"] img.kb-inline-image{width:150px;vertical-align:baseline;}<\/style>\n<h4 class=\"kt-adv-heading7242_ab0cf4-1d wp-block-kadence-advancedheading has-theme-palette-3-color has-text-color\" data-kb-block=\"kb-adv-heading7242_ab0cf4-1d\"><strong>1.B<\/strong><\/h4>\n\n\n\n<p class=\"has-kb-palette-6-color has-text-color has-link-color wp-elements-1419f6c7165b6dadcd2b6540343ada56\">Os <strong>Cursos de Italiano Online<\/strong> incluem diferentes op\u00e7\u00f5es: aulas individuais (one-to-one) e aulas de grupo online. Cada aula tem a dura\u00e7\u00e3o de 45 minutos.<\/p>\n\n\n\n<p>As aulas individuais online s\u00e3o personalizadas e o hor\u00e1rio \u00e9 geralmente acordado diretamente com o estudante. No entanto, a frequ\u00eancia m\u00ednima \u00e9 de 2 aulas online por semana, sendo altamente recomendadas 3 aulas semanais para tirar o m\u00e1ximo proveito do curso. O pagamento integral do pacote do curso de italiano online, por transfer\u00eancia banc\u00e1ria, deve ser efetuado antecipadamente e antes do in\u00edcio do curso (para mais detalhes sobre os dados banc\u00e1rios, consulte o ponto n.\u00ba 5 deste documento).<\/p>\n\n\n\n<p>O pacote de 10 aulas individuais deve ser conclu\u00eddo no prazo m\u00e1ximo de 6 semanas e o pacote de 20 aulas no prazo m\u00e1ximo de 12 semanas. Caso o estudante n\u00e3o compare\u00e7a \u00e0 aula no hor\u00e1rio agendado, sem aviso pr\u00e9vio por escrito com pelo menos 24 horas de anteced\u00eancia, a aula ser\u00e1 considerada perdida e n\u00e3o poder\u00e1 ser recuperada.<\/p>\n\n\n\n<p class=\"has-kb-palette-6-color has-text-color has-link-color wp-elements-98c83dc4d0a93b2e51e06117d02953e2\">A Accademia Italiana garante que todos os professores s\u00e3o falantes nativos e altamente qualificados. Os estudantes s\u00e3o atribu\u00eddos a um professor espec\u00edfico de acordo com a disponibilidade do corpo docente e com a organiza\u00e7\u00e3o interna da escola. Ao adquirir um novo pacote de aulas, o estudante n\u00e3o ser\u00e1 automaticamente atribu\u00eddo ao professor anterior. A escola poder\u00e1 designar um professor diferente, conforme a disponibilidade no momento, e poder\u00e1 substitu\u00ed-lo(a) por outro(a) docente com as mesmas qualifica\u00e7\u00f5es.<\/p>\n\n\n<style>.wp-block-kadence-advancedheading.kt-adv-heading7242_1ed80d-48, .wp-block-kadence-advancedheading.kt-adv-heading7242_1ed80d-48[data-kb-block=\"kb-adv-heading7242_1ed80d-48\"]{font-style:normal;}.wp-block-kadence-advancedheading.kt-adv-heading7242_1ed80d-48 mark.kt-highlight, .wp-block-kadence-advancedheading.kt-adv-heading7242_1ed80d-48[data-kb-block=\"kb-adv-heading7242_1ed80d-48\"] mark.kt-highlight{font-style:normal;color:#f76a0c;-webkit-box-decoration-break:clone;box-decoration-break:clone;padding-top:0px;padding-right:0px;padding-bottom:0px;padding-left:0px;}.wp-block-kadence-advancedheading.kt-adv-heading7242_1ed80d-48 img.kb-inline-image, .wp-block-kadence-advancedheading.kt-adv-heading7242_1ed80d-48[data-kb-block=\"kb-adv-heading7242_1ed80d-48\"] img.kb-inline-image{width:150px;vertical-align:baseline;}<\/style>\n<h4 class=\"kt-adv-heading7242_1ed80d-48 wp-block-kadence-advancedheading has-theme-palette-3-color has-text-color\" data-kb-block=\"kb-adv-heading7242_1ed80d-48\"><strong>1.C<\/strong><\/h4>\n\n\n\n<p class=\"has-kb-palette-6-color has-text-color has-link-color wp-elements-5c990c41cb061c96da6d7aa5df754a68\">Os <strong>Programas Especiais<\/strong> (50 Plus, L\u00edngua, Gastronomia e Vinho, Fam\u00edlias, Juniores) incluem o curso e o pacote de atividades. Realizam-se com um n\u00famero m\u00ednimo de 4 participantes, em datas de in\u00edcio fixas. No raro caso de haver apenas 1 a 3 estudantes inscritos num programa espec\u00edfico, n\u00e3o sendo assim atingido o n\u00famero m\u00ednimo, o curso poder\u00e1 ser convertido em aulas individuais ou semi-individuais, com uma redu\u00e7\u00e3o de 25% a 50% do n\u00famero de aulas, tendo em conta a natureza mais intensiva de turmas com n\u00famero reduzido de participantes. Em alternativa, os participantes poder\u00e3o integrar um curso geral em grupo, frequentando 100% das aulas previstas.<\/p>\n\n\n\n<p>Caso n\u00e3o existam outros participantes do programa 50 Plus com o mesmo n\u00edvel de l\u00edngua, os estudantes poder\u00e3o ser integrados num curso geral correspondente ao seu n\u00edvel, juntamente com participantes mais jovens, ou poder\u00e3o converter o curso de grupo em aulas individuais ou semi-individuais, com redu\u00e7\u00e3o de 25% a 50% do n\u00famero de aulas, conforme indicado acima.<\/p>\n\n\n\n<p class=\"has-kb-palette-6-color has-text-color has-link-color wp-elements-ccce65ff4109893af30d9dd782a59dd8\">O pacote de atividades, que inclui excurs\u00f5es, aulas pr\u00e1ticas, semin\u00e1rios e visitas com degusta\u00e7\u00e3o, \u00e9 garantido em qualquer circunst\u00e2ncia, justificando assim a diferen\u00e7a de custo entre os programas especiais e os cursos gerais.<\/p>\n\n\n<style>.wp-block-kadence-advancedheading.kt-adv-heading7242_967a68-4a, .wp-block-kadence-advancedheading.kt-adv-heading7242_967a68-4a[data-kb-block=\"kb-adv-heading7242_967a68-4a\"]{font-style:normal;}.wp-block-kadence-advancedheading.kt-adv-heading7242_967a68-4a mark.kt-highlight, .wp-block-kadence-advancedheading.kt-adv-heading7242_967a68-4a[data-kb-block=\"kb-adv-heading7242_967a68-4a\"] mark.kt-highlight{font-style:normal;color:#f76a0c;-webkit-box-decoration-break:clone;box-decoration-break:clone;padding-top:0px;padding-right:0px;padding-bottom:0px;padding-left:0px;}.wp-block-kadence-advancedheading.kt-adv-heading7242_967a68-4a img.kb-inline-image, .wp-block-kadence-advancedheading.kt-adv-heading7242_967a68-4a[data-kb-block=\"kb-adv-heading7242_967a68-4a\"] img.kb-inline-image{width:150px;vertical-align:baseline;}<\/style>\n<h4 class=\"kt-adv-heading7242_967a68-4a wp-block-kadence-advancedheading has-theme-palette-3-color has-text-color\" data-kb-block=\"kb-adv-heading7242_967a68-4a\"><strong>1.D<\/strong><\/h4>\n\n\n\n<p class=\"has-kb-palette-6-color has-text-color has-link-color wp-elements-b489f3631df3fc67abcbea9d22ede6fb\">Os <strong>Cursos de Arte e Cultura Italiana<\/strong> s\u00e3o combinados com os Cursos Gerais de L\u00edngua e t\u00eam in\u00edcio \u00e0s segundas-feiras.<\/p>\n\n\n\n<p>As aulas em grupo realizam-se normalmente durante 1 semana (com possibilidade de extens\u00e3o), com 4 aulas por semana no per\u00edodo da tarde, mediante um n\u00famero m\u00ednimo de 4 participantes. Estes cursos podem ser reservados antecipadamente no momento da inscri\u00e7\u00e3o.<\/p>\n\n\n\n<p class=\"has-kb-palette-6-color has-text-color has-link-color wp-elements-f0b82c65bfac2db55f709b386fdd4790\">Caso o n\u00famero m\u00ednimo de 4 participantes para um determinado curso n\u00e3o seja atingido, o curso ser\u00e1 convertido em aulas individuais (one-to-one) ou semi-individuais: com 1 participante, o n\u00famero de aulas ser\u00e1 reduzido em 50%; com 2 a 3 participantes, o n\u00famero de aulas ser\u00e1 reduzido em 25%.<\/p>\n\n\n<style>.wp-block-kadence-advancedheading.kt-adv-heading7242_a4487b-b4, .wp-block-kadence-advancedheading.kt-adv-heading7242_a4487b-b4[data-kb-block=\"kb-adv-heading7242_a4487b-b4\"]{font-style:normal;}.wp-block-kadence-advancedheading.kt-adv-heading7242_a4487b-b4 mark.kt-highlight, .wp-block-kadence-advancedheading.kt-adv-heading7242_a4487b-b4[data-kb-block=\"kb-adv-heading7242_a4487b-b4\"] mark.kt-highlight{font-style:normal;color:#f76a0c;-webkit-box-decoration-break:clone;box-decoration-break:clone;padding-top:0px;padding-right:0px;padding-bottom:0px;padding-left:0px;}.wp-block-kadence-advancedheading.kt-adv-heading7242_a4487b-b4 img.kb-inline-image, .wp-block-kadence-advancedheading.kt-adv-heading7242_a4487b-b4[data-kb-block=\"kb-adv-heading7242_a4487b-b4\"] img.kb-inline-image{width:150px;vertical-align:baseline;}<\/style>\n<h4 class=\"kt-adv-heading7242_a4487b-b4 wp-block-kadence-advancedheading has-theme-palette-3-color has-text-color\" data-kb-block=\"kb-adv-heading7242_a4487b-b4\"><strong>1.E<\/strong><\/h4>\n\n\n\n<p class=\"has-kb-palette-6-color has-text-color has-link-color wp-elements-49dcb5daae030f46410586400f1824f8\">Os <strong>Cursos de Forma\u00e7\u00e3o para Professores<\/strong> realizam-se de segunda a sexta-feira (exceto nos feriados oficiais italianos) com um n\u00famero m\u00ednimo de 4 participantes. As aulas decorrem normalmente no per\u00edodo da manh\u00e3; no entanto, ocasionalmente (em \u00e9poca alta), podem ser realizadas \u00e0 tarde. Cada aula tem a dura\u00e7\u00e3o de 45 minutos.<\/p>\n\n\n\n<p>Os Cursos de Prepara\u00e7\u00e3o para a certifica\u00e7\u00e3o DITALS consistem em 30 horas de aulas numa semana. No que diz respeito aos outros cursos para professores, aplicam-se as mesmas condi\u00e7\u00f5es dos cursos gerais (ver acima).<\/p>\n\n\n\n<p class=\"has-kb-palette-6-color has-text-color has-link-color wp-elements-f715a3eab20e35fc84f324481d72ff4a\">No raro caso de existir apenas 1 participante inscrito neste curso, o curso ser\u00e1 convertido em aulas individuais (one-to-one), com uma redu\u00e7\u00e3o de 50% do n\u00famero de aulas (por exemplo: 2 aulas individuais em vez de 4 aulas de grupo por dia). Caso haja apenas 2 ou 3 participantes, o n\u00famero de aulas ser\u00e1 reduzido em 25% (por exemplo: 3 aulas semi-individuais em vez de 4 aulas de grupo por dia), tendo em conta a natureza mais intensiva de turmas com n\u00famero reduzido de participantes.<\/p>\n\n\n<style>.wp-block-kadence-advancedheading.kt-adv-heading7242_980ce2-35, .wp-block-kadence-advancedheading.kt-adv-heading7242_980ce2-35[data-kb-block=\"kb-adv-heading7242_980ce2-35\"]{font-style:normal;}.wp-block-kadence-advancedheading.kt-adv-heading7242_980ce2-35 mark.kt-highlight, .wp-block-kadence-advancedheading.kt-adv-heading7242_980ce2-35[data-kb-block=\"kb-adv-heading7242_980ce2-35\"] mark.kt-highlight{font-style:normal;color:#f76a0c;-webkit-box-decoration-break:clone;box-decoration-break:clone;padding-top:0px;padding-right:0px;padding-bottom:0px;padding-left:0px;}.wp-block-kadence-advancedheading.kt-adv-heading7242_980ce2-35 img.kb-inline-image, .wp-block-kadence-advancedheading.kt-adv-heading7242_980ce2-35[data-kb-block=\"kb-adv-heading7242_980ce2-35\"] img.kb-inline-image{width:150px;vertical-align:baseline;}<\/style>\n<h4 class=\"kt-adv-heading7242_980ce2-35 wp-block-kadence-advancedheading has-theme-palette-3-color has-text-color\" data-kb-block=\"kb-adv-heading7242_980ce2-35\"><strong>1.F<\/strong><\/h4>\n\n\n\n<p>O <strong>Programa de Est\u00e1gio<\/strong> inclui obrigatoriamente um curso de l\u00edngua italiana com dura\u00e7\u00e3o m\u00ednima de 4 semanas. N\u00e3o \u00e9 poss\u00edvel reservar o Est\u00e1gio sem o respetivo curso de l\u00edngua.<\/p>\n\n\n\n<p>O Est\u00e1gio consiste numa experi\u00eancia profissional n\u00e3o remunerada nas principais \u00e1reas profissionais. A dura\u00e7\u00e3o m\u00ednima do Programa \u00e9 de 4 semanas e a m\u00e1xima de 24 semanas. \u00c9 obrigat\u00f3rio frequentar o curso de l\u00edngua italiana durante o mesmo per\u00edodo e por toda a dura\u00e7\u00e3o da experi\u00eancia de Est\u00e1gio, que ser\u00e1 agendada no per\u00edodo da tarde ou da noite, de acordo com a \u00e1rea profissional. Antes da inscri\u00e7\u00e3o, os estudantes devem informar a escola sobre a \u00e1rea profissional de prefer\u00eancia para o seu est\u00e1gio.<\/p>\n\n\n\n<p>Ap\u00f3s a inscri\u00e7\u00e3o, os estudantes dever\u00e3o enviar o seu Curriculum Vitae (CV) e preencher um question\u00e1rio, a fim de ajudar a nossa equipa a identificar a coloca\u00e7\u00e3o de est\u00e1gio mais adequada. Uma vez que a escola tenha confirmado a empresa e o local do est\u00e1gio \u2014 com base no pedido inicial do estudante e sujeito \u00e0 disponibilidade \u2014 quaisquer altera\u00e7\u00f5es implicar\u00e3o uma penaliza\u00e7\u00e3o de 400 \u20ac<\/p>\n<\/div><\/div><\/div>\n\n\n\n<div class=\"wp-block-kadence-pane kt-accordion-pane kt-accordion-pane-2 kt-pane7242_c7c3de-62\"><div class=\"kt-accordion-header-wrap\"><button class=\"kt-blocks-accordion-header kt-acccordion-button-label-show\" type=\"button\"><span class=\"kt-blocks-accordion-title-wrap\"><span class=\"kt-blocks-accordion-title\">Acomoda\u00e7\u00e3o<\/span><\/span><span class=\"kt-blocks-accordion-icon-trigger\"><\/span><\/button><\/div><div class=\"kt-accordion-panel kt-accordion-panel-hidden\"><div class=\"kt-accordion-panel-inner\">\n<p>O servi\u00e7o de <strong>alojamento<\/strong> \u00e9 exclusivamente reservado aos estudantes regularmente inscritos e que frequentem cursos de l\u00edngua italiana. A acomoda\u00e7\u00e3o \u00e9 reservada a partir das 14h00 do domingo anterior ao in\u00edcio do curso at\u00e9 \u00e0s 10h00 do s\u00e1bado correspondente ao final do curso. Dias adicionais devem ser solicitados no formul\u00e1rio de inscri\u00e7\u00e3o como pedido de alojamento extra. No entanto, n\u00e3o \u00e9 poss\u00edvel ocupar o alojamento antes do s\u00e1bado anterior ao in\u00edcio do curso, nem permanecer para al\u00e9m do domingo seguinte ao seu t\u00e9rmino. O check-in antecipado e o check-out tardio est\u00e3o sujeitos a disponibilidade e implicam um custo adicional.<\/p>\n\n\n\n<p>Todos os alojamentos dispon\u00edveis s\u00e3o selecionados pelo Departamento de Alojamento, de acordo com o nosso Plano de Inspe\u00e7\u00e3o relativo a limpeza, conforto e localiza\u00e7\u00e3o. Todas as op\u00e7\u00f5es cumprem os padr\u00f5es de qualidade e conveni\u00eancia estabelecidos e s\u00e3o verificadas regularmente. Todos os detalhes relativos ao alojamento ser\u00e3o comunicados aos estudantes ou aos seus representantes cerca de 2 semanas antes da data de in\u00edcio do curso.<\/p>\n\n\n\n<p>Em caso de reclama\u00e7\u00e3o, o estudante dever\u00e1 informar por escrito o nosso departamento administrativo durante a primeira semana de estadia. A secretaria informar\u00e1 o respons\u00e1vel pelo alojamento, que far\u00e1 o poss\u00edvel para encontrar a melhor e mais satisfat\u00f3ria solu\u00e7\u00e3o, tendo em considera\u00e7\u00e3o a fundamenta\u00e7\u00e3o devidamente justificada do estudante e a disponibilidade de uma alternativa. A taxa de alojamento n\u00e3o \u00e9 reembols\u00e1vel ap\u00f3s a reserva para todo o per\u00edodo solicitado.<\/p>\n<\/div><\/div><\/div>\n\n\n\n<div class=\"wp-block-kadence-pane kt-accordion-pane kt-accordion-pane-3 kt-pane7242_f5a7f8-50\"><div class=\"kt-accordion-header-wrap\"><button class=\"kt-blocks-accordion-header kt-acccordion-button-label-show\" type=\"button\"><span class=\"kt-blocks-accordion-title-wrap\"><span class=\"kt-blocks-accordion-title\">Condi\u00e7\u00f5es do servi\u00e7o transfer<\/span><\/span><span class=\"kt-blocks-accordion-icon-trigger\"><\/span><\/button><\/div><div class=\"kt-accordion-panel kt-accordion-panel-hidden\"><div class=\"kt-accordion-panel-inner\">\n<p>Este servi\u00e7o deve ser reservado com pelo menos 1 semana de anteced\u00eancia em rela\u00e7\u00e3o ao in\u00edcio do curso. Todas as altera\u00e7\u00f5es de \u00faltima hora ou atrasos nos voos devem ser comunicados imediatamente e diretamente \u00e0 empresa privada respons\u00e1vel pelo transfer. O n\u00famero de telefone ser\u00e1 fornecido juntamente com a confirma\u00e7\u00e3o do servi\u00e7o.<\/p>\n\n\n\n<p>Os estudantes devem comunicar qualquer altera\u00e7\u00e3o ou cancelamento ao secretariado da escola com, pelo menos, 48 horas de anteced\u00eancia relativamente \u00e0 chegada. O servi\u00e7o n\u00e3o poder\u00e1 ser cancelado ap\u00f3s esse prazo de 48 horas antes da chegada. Al\u00e9m disso, os estudantes devem informar a escola por escrito sobre o dia e a hora de chegada at\u00e9, no m\u00e1ximo, 48 horas antes. Assim, ap\u00f3s receberem o endere\u00e7o do alojamento, os agentes ou estudantes dever\u00e3o contactar a escola para comunicar a data e a hora de chegada, a fim de organizar pontualmente o servi\u00e7o. Na aus\u00eancia de comunica\u00e7\u00e3o pr\u00e9via, o servi\u00e7o de transfer n\u00e3o poder\u00e1 ser garantido.<\/p>\n\n\n\n<p>Em caso de atraso no aeroporto, ser\u00e1 aplicado um acr\u00e9scimo de 20% sobre o pre\u00e7o original do servi\u00e7o de recolha por cada hora de atraso. Para estudantes menores n\u00e3o acompanhados, \u00e9 exigido um custo adicional de 100 euros (trajeto simples).<\/p>\n\n\n\n<p>A escola n\u00e3o se responsabiliza caso os estudantes ou agentes n\u00e3o cumpram as condi\u00e7\u00f5es acima indicadas. Os estudantes que cheguem diretamente \u00e0 esta\u00e7\u00e3o de Salerno poder\u00e3o utilizar t\u00e1xi ou transporte p\u00fablico para chegar ao alojamento. Em caso de atraso, o estudante dever\u00e1 contactar diretamente o propriet\u00e1rio do alojamento.<\/p>\n<\/div><\/div><\/div>\n\n\n\n<div class=\"wp-block-kadence-pane kt-accordion-pane kt-accordion-pane-4 kt-pane7242_5563b0-64\"><div class=\"kt-accordion-header-wrap\"><button class=\"kt-blocks-accordion-header kt-acccordion-button-label-show\" type=\"button\"><span class=\"kt-blocks-accordion-title-wrap\"><span class=\"kt-blocks-accordion-title\">Pagamentos<\/span><\/span><span class=\"kt-blocks-accordion-icon-trigger\"><\/span><\/button><\/div><div class=\"kt-accordion-panel kt-accordion-panel-hidden\"><div class=\"kt-accordion-panel-inner\"><style>.wp-block-kadence-advancedheading.kt-adv-heading7242_2a7164-74, .wp-block-kadence-advancedheading.kt-adv-heading7242_2a7164-74[data-kb-block=\"kb-adv-heading7242_2a7164-74\"]{font-style:normal;}.wp-block-kadence-advancedheading.kt-adv-heading7242_2a7164-74 mark.kt-highlight, .wp-block-kadence-advancedheading.kt-adv-heading7242_2a7164-74[data-kb-block=\"kb-adv-heading7242_2a7164-74\"] mark.kt-highlight{font-style:normal;color:#f76a0c;-webkit-box-decoration-break:clone;box-decoration-break:clone;padding-top:0px;padding-right:0px;padding-bottom:0px;padding-left:0px;}.wp-block-kadence-advancedheading.kt-adv-heading7242_2a7164-74 img.kb-inline-image, .wp-block-kadence-advancedheading.kt-adv-heading7242_2a7164-74[data-kb-block=\"kb-adv-heading7242_2a7164-74\"] img.kb-inline-image{width:150px;vertical-align:baseline;}<\/style>\n<p class=\"kt-adv-heading7242_2a7164-74 wp-block-kadence-advancedheading has-kb-palette-6-color has-text-color\" data-kb-block=\"kb-adv-heading7242_2a7164-74\">Para garantir a reserva de cursos e forma\u00e7\u00f5es, \u00e9 exigido um sinal n\u00e3o reembols\u00e1vel de 160 euros. O sinal pode ser pago em numer\u00e1rio, por PayPal ou por transfer\u00eancia banc\u00e1ria no momento da inscri\u00e7\u00e3o. Todas as despesas banc\u00e1rias ficam a cargo do estudante.<br>O saldo das propinas e do alojamento deve ser pago integralmente por transfer\u00eancia banc\u00e1ria pelo menos at\u00e9 2 semanas antes da chegada, ou em numer\u00e1rio ou cart\u00e3o de cr\u00e9dito no primeiro dia de aulas; caso contr\u00e1rio, o estudante n\u00e3o poder\u00e1 frequentar as aulas. Os estudantes que efetuem o pagamento total por transfer\u00eancia banc\u00e1ria antes da chegada \u00e0 Accademia Italiana dever\u00e3o enviar antecipadamente ao departamento administrativo da escola o comprovativo banc\u00e1rio do pagamento.<br>Os estudantes que necessitem de um certificado de inscri\u00e7\u00e3o para comprovar a viagem por motivos de estudo dever\u00e3o pagar o montante total do curso no momento da inscri\u00e7\u00e3o. Caso, por qualquer motivo, necessitem de alterar as datas do curso, a escola emitir\u00e1 uma nota de cr\u00e9dito para um futuro curso presencial, que dever\u00e1 ser frequentado no prazo m\u00e1ximo de 12 meses a contar da data de in\u00edcio originalmente prevista. Em qualquer caso, n\u00e3o ser\u00e1 efetuado qualquer reembolso ap\u00f3s o recebimento do pagamento integral do curso, nem em caso de pagamentos efetuados por erro por parte do estudante.<\/p>\n\n\n\n<p class=\"has-kb-palette-6-color has-text-color has-link-color wp-elements-06aa352a173f66e8750cb50b0a831dea\"><\/p>\n<\/div><\/div><\/div>\n\n\n\n<div class=\"wp-block-kadence-pane kt-accordion-pane kt-accordion-pane-5 kt-pane7242_830e58-08\"><div class=\"kt-accordion-header-wrap\"><button class=\"kt-blocks-accordion-header kt-acccordion-button-label-show\" type=\"button\"><span class=\"kt-blocks-accordion-title-wrap\"><span class=\"kt-blocks-accordion-title\">Condi\u00e7\u00f5es de pagamento<\/span><\/span><span class=\"kt-blocks-accordion-icon-trigger\"><\/span><\/button><\/div><div class=\"kt-accordion-panel kt-accordion-panel-hidden\"><div class=\"kt-accordion-panel-inner\">\n<p>Os pagamentos podem ser efetuados por transfer\u00eancia banc\u00e1ria, PayPal ou em numer\u00e1rio.<\/p>\n\n\n\n<p>Para a escola de <strong>Salerno<\/strong>, as transfer\u00eancias banc\u00e1rias devem ser efetuadas em favor de:<\/p>\n\n\n\n<p><strong>ACCADEMIA ITALIANA di MEMOLI DR. FRANCESCA ROMANA SRL<\/strong><br>BCC Campania Centro &#8211; CRA soc.coop.<br>N\u00famero de conta: 000000403222<br>ABI: 8378<br>CAB: 15201<br>IBAN: IT12K0837815201000000403222<br>BIC\/SWIFT: ICRA IT RR AI0<\/p>\n\n\n\n<p>Para a escola de <strong>N\u00e1poles<\/strong>, as transfer\u00eancias banc\u00e1rias devem ser efetuadas em favor de:<\/p>\n\n\n\n<p><strong>ACCADEMIA ITALIANA NAPOLI DI MEMOLI DR. FRANCESCA ROMANA S.R.L.<\/strong><br>Via Toledo, n\u00ba 265 \u2013 80132 N\u00e1poles \u2013 It\u00e1lia<br>Banco: BCC Campania Centro \u2013 Cassa Rurale ed Artigiana Soc. Coop<br>Ag\u00eancia: Filiale di Salerno \u2013 Via Baratta<br>IBAN: IT42 Z083 7815 2010 0000 0356 523<br>BIC: ICRAITRRAI0<\/p>\n\n\n\n<p>Os estudantes devem indicar claramente o <strong>nome<\/strong> e o <strong>curso<\/strong> no comprovativo banc\u00e1rio.<\/p>\n<\/div><\/div><\/div>\n\n\n\n<div class=\"wp-block-kadence-pane kt-accordion-pane kt-accordion-pane-6 kt-pane7242_19dda5-ff\"><div class=\"kt-accordion-header-wrap\"><button class=\"kt-blocks-accordion-header kt-acccordion-button-label-show\" type=\"button\"><span class=\"kt-blocks-accordion-title-wrap\"><span class=\"kt-blocks-accordion-title\">Mudan\u00e7a de reserva, cancelamento e reembolsos.<\/span><\/span><span class=\"kt-blocks-accordion-icon-trigger\"><\/span><\/button><\/div><div class=\"kt-accordion-panel kt-accordion-panel-hidden\"><div class=\"kt-accordion-panel-inner\">\n<p>Caso os estudantes precisem adiar, cancelar ou interromper prematuramente o seu curso, a escola reserva-se o direito de cobrar uma taxa administrativa para cobrir os custos de qualquer altera\u00e7\u00e3o relativa a cursos e alojamento ap\u00f3s a reserva e confirma\u00e7\u00e3o da inscri\u00e7\u00e3o, de acordo com a <strong>pol\u00edtica de reembolso<\/strong> descrita abaixo. \u00c9 poss\u00edvel atualizar o curso para uma vers\u00e3o mais intensiva durante a estadia, mas n\u00e3o \u00e9 permitido fazer downgrade. A escola deve ser informada imediatamente, por escrito, de qualquer altera\u00e7\u00e3o ou cancelamento solicitado.<\/p>\n\n\n\n<hr class=\"wp-block-separator has-alpha-channel-opacity\"\/>\n\n\n\n<h3 class=\"wp-block-heading\"><strong>Pol\u00edtica de Reembolso<\/strong><\/h3>\n\n\n\n<p>Os reembolsos poss\u00edveis ser\u00e3o emitidos para a mesma conta a partir da qual o pagamento foi recebido. Todos os pedidos de reembolso devem ser apresentados por escrito.<\/p>\n\n\n\n<h4 class=\"wp-block-heading\"><strong>Reembolsos antes da chegada<\/strong><\/h4>\n\n\n\n<ul class=\"wp-block-list\">\n<li>O sinal de 160 \u20ac <strong>nunca \u00e9 reembols\u00e1vel<\/strong> ap\u00f3s a aceita\u00e7\u00e3o da inscri\u00e7\u00e3o e emiss\u00e3o da confirma\u00e7\u00e3o pela escola.<\/li>\n\n\n\n<li>Para altera\u00e7\u00f5es ou cancelamentos comunicados <strong>mais de 15 dias antes da chegada<\/strong>, o sinal de 160 \u20ac \u00e9 creditado para um <strong>futuro curso<\/strong>, que dever\u00e1 ser frequentado no prazo m\u00e1ximo de 12 meses a contar da data de in\u00edcio original.<\/li>\n\n\n\n<li>Para altera\u00e7\u00f5es ou cancelamentos comunicados <strong>menos de 15 dias antes da chegada<\/strong>, o sinal de 160 \u20ac <strong>n\u00e3o \u00e9 reembols\u00e1vel nem aplic\u00e1vel a cursos futuros<\/strong>. Al\u00e9m disso, ser\u00e1 cobrada uma taxa de cancelamento equivalente ao custo de <strong>uma semana de alojamento<\/strong>.<\/li>\n<\/ul>\n\n\n\n<p>Ap\u00f3s o pagamento total antecipado do curso, caso os estudantes precisem alterar as datas ou cancelar a reserva original, a escola emitir\u00e1 uma <strong>nota de cr\u00e9dito<\/strong> para um futuro curso, que dever\u00e1 ser frequentado no prazo m\u00e1ximo de 12 meses a contar da data de in\u00edcio original. As propinas <strong>n\u00e3o s\u00e3o transfer\u00edveis para outra pessoa<\/strong>.<\/p>\n\n\n\n<h4 class=\"wp-block-heading\"><strong>Reembolsos ap\u00f3s o in\u00edcio do curso<\/strong><\/h4>\n\n\n\n<p>Ap\u00f3s o in\u00edcio do curso, as propinas e taxas de alojamento <strong>nunca s\u00e3o reembols\u00e1veis<\/strong>.<br>Os estudantes <strong>n\u00e3o podem cancelar<\/strong> o curso reservado e <strong>n\u00e3o h\u00e1 reembolso<\/strong> se chegarem atrasados, interromperem prematuramente ou n\u00e3o frequentarem as aulas. Isto inclui qualquer per\u00edodo de aulas perdidas ou por doen\u00e7a durante o curso.<br>N\u00e3o s\u00e3o permitidos reembolsos em caso de in\u00edcio atrasado ou sa\u00edda antecipada. As propinas <strong>nunca s\u00e3o reembolsadas<\/strong> devido \u00e0 aus\u00eancia nas aulas e as aulas perdidas <strong>n\u00e3o podem ser recuperadas<\/strong>. As propinas <strong>n\u00e3o s\u00e3o transfer\u00edveis para outra pessoa<\/strong>.<\/p>\n\n\n\n<h4 class=\"wp-block-heading\"><strong>For\u00e7a maior<\/strong><\/h4>\n\n\n\n<p>A <strong>Accademia Italiana<\/strong> n\u00e3o se responsabiliza nos casos em que n\u00e3o seja poss\u00edvel cumprir qualquer servi\u00e7o contratado devido a <strong>for\u00e7a maior<\/strong>, como pandemias, terramotos, inc\u00eandios, cat\u00e1strofes naturais, atos governamentais, falhas de fornecedores ou subcontratados, conflitos laborais ou outras situa\u00e7\u00f5es fora do seu controlo.<\/p>\n\n\n\n<ul class=\"wp-block-list\">\n<li>Nestas situa\u00e7\u00f5es, as propinas <strong>n\u00e3o s\u00e3o reembols\u00e1veis<\/strong>.<\/li>\n\n\n\n<li>A escola far\u00e1 o poss\u00edvel para mitigar os inconvenientes, e o valor integral pago por um curso adiado ser\u00e1 creditado atrav\u00e9s de <strong>nota de cr\u00e9dito<\/strong> para um curso futuro, sem taxa de cancelamento, v\u00e1lido dentro de 12 meses ap\u00f3s a data de in\u00edcio original.<\/li>\n\n\n\n<li>Caso um estudante cancele o curso devido a for\u00e7a maior, <strong>n\u00e3o h\u00e1 reembolso<\/strong>, mas a escola pode oferecer a possibilidade de reagendar o programa, emitindo uma nota de cr\u00e9dito pelo valor pago, deduzindo apenas os custos j\u00e1 incorridos.<\/li>\n\n\n\n<li>Se um estudante n\u00e3o puder frequentar o curso presencialmente devido a quarentena, auto-isolamento, etc., a escola disponibiliza <strong>aulas online durante todo o per\u00edodo<\/strong>, oferecendo assim cursos h\u00edbridos.<\/li>\n<\/ul>\n<\/div><\/div><\/div>\n\n\n\n<div class=\"wp-block-kadence-pane kt-accordion-pane kt-accordion-pane-7 kt-pane7242_88a905-0e\"><div class=\"kt-accordion-header-wrap\"><button class=\"kt-blocks-accordion-header kt-acccordion-button-label-show\" type=\"button\"><span class=\"kt-blocks-accordion-title-wrap\"><span class=\"kt-blocks-accordion-title\">Visto de entrada<\/span><\/span><span class=\"kt-blocks-accordion-icon-trigger\"><\/span><\/button><\/div><div class=\"kt-accordion-panel kt-accordion-panel-hidden\"><div class=\"kt-accordion-panel-inner\">\n<p>Os estudantes <strong>n\u00e3o pertencentes \u00e0 UE<\/strong> que desejem inscrever-se num curso com dura\u00e7\u00e3o superior a 3 meses devem solicitar um <strong>visto de estudante<\/strong> no seu pa\u00eds de origem. A <strong>Accademia Italiana<\/strong> emite um <strong>certificado de inscri\u00e7\u00e3o<\/strong>, indicando claramente a dura\u00e7\u00e3o do curso (data de in\u00edcio\/fim), juntamente com a documenta\u00e7\u00e3o escolar necess\u00e1ria para o pedido de visto, apenas ap\u00f3s o <strong>pagamento integral das propinas<\/strong>.<\/p>\n\n\n\n<p>Caso o pedido de visto seja recusado, os estudantes devem fornecer \u00e0 escola uma <strong>notifica\u00e7\u00e3o por escrito<\/strong> e documenta\u00e7\u00e3o oficial que confirme a recusa, a fim de obter uma <strong>nota de cr\u00e9dito<\/strong> v\u00e1lida para um curso futuro, a ser frequentado no prazo m\u00e1ximo de 12 meses a contar da data original.<\/p>\n\n\n\n<p>Se o visto for permanentemente negado, os estudantes t\u00eam direito a um <strong>reembolso do valor pago<\/strong>, com a dedu\u00e7\u00e3o de 10% das propinas pagas, para cobrir custos administrativos e servi\u00e7os pr\u00e9-reservados. Os reembolsos s\u00f3 podem ser feitos ao <strong>pagador original<\/strong> e podem demorar entre <strong>6 a 12 meses<\/strong> a partir da data de rece\u00e7\u00e3o da notifica\u00e7\u00e3o de recusa do visto.<\/p>\n\n\n\n<p>Ap\u00f3s a obten\u00e7\u00e3o do visto, <strong>n\u00e3o \u00e9 poss\u00edvel cancelar ou alterar<\/strong> as datas do curso original. Uma vez em It\u00e1lia, os estudantes n\u00e3o-UE devem <strong>registar-se no Escrit\u00f3rio de Estrangeiros<\/strong> (Ufficio Stranieri) no prazo de 8 dias ap\u00f3s a chegada. A <strong>Accademia Italiana<\/strong> assume a responsabilidade de notificar as autoridades italianas em caso de <strong>n\u00e3o comparecimento superior a uma semana sem justifica\u00e7\u00e3o v\u00e1lida<\/strong>.<\/p>\n<\/div><\/div><\/div>\n\n\n\n<div class=\"wp-block-kadence-pane kt-accordion-pane kt-accordion-pane-8 kt-pane7242_368d0f-52\"><div class=\"kt-accordion-header-wrap\"><button class=\"kt-blocks-accordion-header kt-acccordion-button-label-show\" type=\"button\"><span class=\"kt-blocks-accordion-title-wrap\"><span class=\"kt-blocks-accordion-title\">Acidentes e seguro m\u00e9dico<\/span><\/span><span class=\"kt-blocks-accordion-icon-trigger\"><\/span><\/button><\/div><div class=\"kt-accordion-panel kt-accordion-panel-hidden\"><div class=\"kt-accordion-panel-inner\"><style>.wp-block-kadence-advancedheading.kt-adv-heading7242_6efc55-e1, .wp-block-kadence-advancedheading.kt-adv-heading7242_6efc55-e1[data-kb-block=\"kb-adv-heading7242_6efc55-e1\"]{font-style:normal;}.wp-block-kadence-advancedheading.kt-adv-heading7242_6efc55-e1 mark.kt-highlight, .wp-block-kadence-advancedheading.kt-adv-heading7242_6efc55-e1[data-kb-block=\"kb-adv-heading7242_6efc55-e1\"] mark.kt-highlight{font-style:normal;color:#f76a0c;-webkit-box-decoration-break:clone;box-decoration-break:clone;padding-top:0px;padding-right:0px;padding-bottom:0px;padding-left:0px;}.wp-block-kadence-advancedheading.kt-adv-heading7242_6efc55-e1 img.kb-inline-image, .wp-block-kadence-advancedheading.kt-adv-heading7242_6efc55-e1[data-kb-block=\"kb-adv-heading7242_6efc55-e1\"] img.kb-inline-image{width:150px;vertical-align:baseline;}<\/style>\n<p class=\"kt-adv-heading7242_6efc55-e1 wp-block-kadence-advancedheading has-kb-palette-6-color has-text-color\" data-kb-block=\"kb-adv-heading7242_6efc55-e1\">Recomendamos que os estudantes fa\u00e7am um <strong>seguro m\u00e9dico e pessoal<\/strong> antes de sair do seu pa\u00eds de origem.<br>Os cidad\u00e3os da <strong>Uni\u00e3o Europeia<\/strong> t\u00eam direito a cuidados m\u00e9dicos gratuitos em It\u00e1lia, desde que possuam o <strong>Formul\u00e1rio E111<\/strong>, que pode ser obtido junto da autoridade de sa\u00fade local no seu pa\u00eds de origem.<br>Os cidad\u00e3os <strong>fora da Uni\u00e3o Europeia<\/strong> devem cumprir os requisitos estabelecidos pelo <strong>Governo Italiano<\/strong>. Mais informa\u00e7\u00f5es podem ser obtidas junto das <strong>Embaixadas de It\u00e1lia<\/strong> nos respetivos pa\u00edses.<\/p>\n<\/div><\/div><\/div>\n\n\n\n<div class=\"wp-block-kadence-pane kt-accordion-pane kt-accordion-pane-9 kt-pane7242_3cba85-1b\"><div class=\"kt-accordion-header-wrap\"><button class=\"kt-blocks-accordion-header kt-acccordion-button-label-show\" type=\"button\"><span class=\"kt-blocks-accordion-title-wrap\"><span class=\"kt-blocks-accordion-title\">Resolu\u00e7\u00e3o de lit\u00edgios<\/span><\/span><span class=\"kt-blocks-accordion-icon-trigger\"><\/span><\/button><\/div><div class=\"kt-accordion-panel kt-accordion-panel-hidden\"><div class=\"kt-accordion-panel-inner\">\n<p>Se um estudante desejar apresentar uma <strong>reclama\u00e7\u00e3o<\/strong> sobre qualquer aspecto da escola ou dos seus servi\u00e7os, dever\u00e1 faz\u00ea-lo, em primeira inst\u00e2ncia, por <strong>escrito<\/strong> ao <strong>departamento administrativo<\/strong>, que tentar\u00e1 encontrar uma solu\u00e7\u00e3o adequada.<\/p>\n\n\n\n<p>Caso a situa\u00e7\u00e3o n\u00e3o seja resolvida, o estudante ou agente dever\u00e1 enviar a reclama\u00e7\u00e3o por <strong>escrito<\/strong> ao <strong>Diretor da escola<\/strong>.<\/p>\n\n\n\n<p>As reclama\u00e7\u00f5es ser\u00e3o consideradas apenas se forem cumpridas as seguintes condi\u00e7\u00f5es:<\/p>\n\n\n\n<ul class=\"wp-block-list\">\n<li>A reclama\u00e7\u00e3o for recebida <strong>antes do t\u00e9rmino do curso<\/strong>;<\/li>\n\n\n\n<li>A reclama\u00e7\u00e3o tiver sido apresentada <strong>formalmente por escrito<\/strong>;<\/li>\n\n\n\n<li>O <strong>pagamento total<\/strong> das propinas do curso e do alojamento tiver sido <strong>efetuado integralmente<\/strong>.<\/li>\n<\/ul>\n<\/div><\/div><\/div>\n\n\n\n<div class=\"wp-block-kadence-pane kt-accordion-pane kt-accordion-pane-10 kt-pane7242_77f340-b3\"><div class=\"kt-accordion-header-wrap\"><button class=\"kt-blocks-accordion-header kt-acccordion-button-label-show\" type=\"button\"><span class=\"kt-blocks-accordion-title-wrap\"><span class=\"kt-blocks-accordion-title\">Responsabilidade<\/span><\/span><span class=\"kt-blocks-accordion-icon-trigger\"><\/span><\/button><\/div><div class=\"kt-accordion-panel kt-accordion-panel-hidden\"><div class=\"kt-accordion-panel-inner\"><style>.wp-block-kadence-advancedheading.kt-adv-heading7242_99cc49-e4, .wp-block-kadence-advancedheading.kt-adv-heading7242_99cc49-e4[data-kb-block=\"kb-adv-heading7242_99cc49-e4\"]{font-style:normal;}.wp-block-kadence-advancedheading.kt-adv-heading7242_99cc49-e4 mark.kt-highlight, .wp-block-kadence-advancedheading.kt-adv-heading7242_99cc49-e4[data-kb-block=\"kb-adv-heading7242_99cc49-e4\"] mark.kt-highlight{font-style:normal;color:#f76a0c;-webkit-box-decoration-break:clone;box-decoration-break:clone;padding-top:0px;padding-right:0px;padding-bottom:0px;padding-left:0px;}.wp-block-kadence-advancedheading.kt-adv-heading7242_99cc49-e4 img.kb-inline-image, .wp-block-kadence-advancedheading.kt-adv-heading7242_99cc49-e4[data-kb-block=\"kb-adv-heading7242_99cc49-e4\"] img.kb-inline-image{width:150px;vertical-align:baseline;}<\/style>\n<p class=\"kt-adv-heading7242_99cc49-e4 wp-block-kadence-advancedheading has-kb-palette-6-color has-text-color\" data-kb-block=\"kb-adv-heading7242_99cc49-e4\">A <strong>Accademia Italiana<\/strong> n\u00e3o se responsabiliza por qualquer acidente, dano ou les\u00e3o a pessoas ou bens, independentemente da causa. A escola tamb\u00e9m n\u00e3o se responsabiliza por <strong>roubo, dano ou perda de objetos<\/strong> dentro das instala\u00e7\u00f5es escolares, nos espa\u00e7os utilizados para atividades extracurriculares ou nos alojamentos dos estudantes.<br>Al\u00e9m disso, a escola <strong>n\u00e3o \u00e9 respons\u00e1vel<\/strong> caso n\u00e3o consiga fornecer servi\u00e7os contratualmente acordados devido a causas fora do seu controlo, como, mas n\u00e3o se limitando a, <strong>cat\u00e1strofes naturais, atos governamentais, pandemias, terrorismo<\/strong>, entre outros. Nestes casos, <strong>n\u00e3o ser\u00e3o efetuados reembolsos<\/strong>.<\/p>\n<\/div><\/div><\/div>\n\n\n\n<div class=\"wp-block-kadence-pane kt-accordion-pane kt-accordion-pane-11 kt-pane7242_ec72cb-8c\"><div class=\"kt-accordion-header-wrap\"><button class=\"kt-blocks-accordion-header kt-acccordion-button-label-show\" type=\"button\"><span class=\"kt-blocks-accordion-title-wrap\"><span class=\"kt-blocks-accordion-title\">Clausula de na\u0303o discriminac\u0327a\u0303o<\/span><\/span><span class=\"kt-blocks-accordion-icon-trigger\"><\/span><\/button><\/div><div class=\"kt-accordion-panel kt-accordion-panel-hidden\"><div class=\"kt-accordion-panel-inner\"><style>.wp-block-kadence-advancedheading.kt-adv-heading7242_52044e-60, .wp-block-kadence-advancedheading.kt-adv-heading7242_52044e-60[data-kb-block=\"kb-adv-heading7242_52044e-60\"]{font-style:normal;}.wp-block-kadence-advancedheading.kt-adv-heading7242_52044e-60 mark.kt-highlight, .wp-block-kadence-advancedheading.kt-adv-heading7242_52044e-60[data-kb-block=\"kb-adv-heading7242_52044e-60\"] mark.kt-highlight{font-style:normal;color:#f76a0c;-webkit-box-decoration-break:clone;box-decoration-break:clone;padding-top:0px;padding-right:0px;padding-bottom:0px;padding-left:0px;}.wp-block-kadence-advancedheading.kt-adv-heading7242_52044e-60 img.kb-inline-image, .wp-block-kadence-advancedheading.kt-adv-heading7242_52044e-60[data-kb-block=\"kb-adv-heading7242_52044e-60\"] img.kb-inline-image{width:150px;vertical-align:baseline;}<\/style>\n<p class=\"kt-adv-heading7242_52044e-60 wp-block-kadence-advancedheading has-kb-palette-6-color has-text-color\" data-kb-block=\"kb-adv-heading7242_52044e-60\">Os estudantes da <strong>Accademia Italiana<\/strong> v\u00eam de mais de 30 pa\u00edses diferentes, e a escola est\u00e1 comprometida em fornecer um <strong>ambiente de trabalho e de aprendizagem livre de ass\u00e9dio, bullying e discrimina\u00e7\u00e3o<\/strong>.<br>A escola informa todos os estudantes e colaboradores sobre a <strong>pol\u00edtica de proibi\u00e7\u00e3o de ass\u00e9dio, bullying e discrimina\u00e7\u00e3o<\/strong> e sobre a responsabilidade de cumpri-la. Esta pol\u00edtica \u00e9 claramente indicada nos nossos <strong>termos e condi\u00e7\u00f5es<\/strong>, de forma que os estudantes estejam plenamente cientes e a aceitem. Medidas adequadas, que podem incluir <strong>avisos, processos disciplinares ou expuls\u00e3o<\/strong> em casos de infra\u00e7\u00f5es graves ou repetidas, poder\u00e3o ser aplicadas a qualquer estudante ou colaborador que viole esta pol\u00edtica.<br>O corpo docente e os estudantes da <strong>Accademia Italiana<\/strong> comprometem-se a <strong>tratar todos de forma igualit\u00e1ria e sem discrimina\u00e7\u00e3o<\/strong>.<\/p>\n<\/div><\/div><\/div>\n\n\n\n<div class=\"wp-block-kadence-pane kt-accordion-pane kt-accordion-pane-12 kt-pane7242_b845d3-27\"><div class=\"kt-accordion-header-wrap\"><button class=\"kt-blocks-accordion-header kt-acccordion-button-label-show\" type=\"button\"><span class=\"kt-blocks-accordion-title-wrap\"><span class=\"kt-blocks-accordion-title\">Prec\u0327os em vigor<\/span><\/span><span class=\"kt-blocks-accordion-icon-trigger\"><\/span><\/button><\/div><div class=\"kt-accordion-panel kt-accordion-panel-hidden\"><div class=\"kt-accordion-panel-inner\"><style>.wp-block-kadence-advancedheading.kt-adv-heading7242_4fce84-ca, .wp-block-kadence-advancedheading.kt-adv-heading7242_4fce84-ca[data-kb-block=\"kb-adv-heading7242_4fce84-ca\"]{font-style:normal;}.wp-block-kadence-advancedheading.kt-adv-heading7242_4fce84-ca mark.kt-highlight, .wp-block-kadence-advancedheading.kt-adv-heading7242_4fce84-ca[data-kb-block=\"kb-adv-heading7242_4fce84-ca\"] mark.kt-highlight{font-style:normal;color:#f76a0c;-webkit-box-decoration-break:clone;box-decoration-break:clone;padding-top:0px;padding-right:0px;padding-bottom:0px;padding-left:0px;}.wp-block-kadence-advancedheading.kt-adv-heading7242_4fce84-ca img.kb-inline-image, .wp-block-kadence-advancedheading.kt-adv-heading7242_4fce84-ca[data-kb-block=\"kb-adv-heading7242_4fce84-ca\"] img.kb-inline-image{width:150px;vertical-align:baseline;}<\/style>\n<p class=\"kt-adv-heading7242_4fce84-ca wp-block-kadence-advancedheading has-kb-palette-6-color has-text-color\" data-kb-block=\"kb-adv-heading7242_4fce84-ca\">As <strong>tabelas de pre\u00e7os<\/strong> presentes nos folhetos da escola e no nosso <strong>site oficial<\/strong> s\u00e3o v\u00e1lidas de <strong>1 de janeiro a 31 de dezembro<\/strong> do ano em curso.<\/p>\n<\/div><\/div><\/div>\n\n\n\n<div class=\"wp-block-kadence-pane kt-accordion-pane kt-accordion-pane-13 kt-pane7242_9dab8a-09\"><div class=\"kt-accordion-header-wrap\"><button class=\"kt-blocks-accordion-header kt-acccordion-button-label-show\" type=\"button\"><span class=\"kt-blocks-accordion-title-wrap\"><span class=\"kt-blocks-accordion-title\"><strong>Expulsa\u0302o<\/strong><\/span><\/span><span class=\"kt-blocks-accordion-icon-trigger\"><\/span><\/button><\/div><div class=\"kt-accordion-panel kt-accordion-panel-hidden\"><div class=\"kt-accordion-panel-inner\"><style>.wp-block-kadence-advancedheading.kt-adv-heading7242_bc2b3a-db, .wp-block-kadence-advancedheading.kt-adv-heading7242_bc2b3a-db[data-kb-block=\"kb-adv-heading7242_bc2b3a-db\"]{font-style:normal;}.wp-block-kadence-advancedheading.kt-adv-heading7242_bc2b3a-db mark.kt-highlight, .wp-block-kadence-advancedheading.kt-adv-heading7242_bc2b3a-db[data-kb-block=\"kb-adv-heading7242_bc2b3a-db\"] mark.kt-highlight{font-style:normal;color:#f76a0c;-webkit-box-decoration-break:clone;box-decoration-break:clone;padding-top:0px;padding-right:0px;padding-bottom:0px;padding-left:0px;}.wp-block-kadence-advancedheading.kt-adv-heading7242_bc2b3a-db img.kb-inline-image, .wp-block-kadence-advancedheading.kt-adv-heading7242_bc2b3a-db[data-kb-block=\"kb-adv-heading7242_bc2b3a-db\"] img.kb-inline-image{width:150px;vertical-align:baseline;}<\/style>\n<p class=\"kt-adv-heading7242_bc2b3a-db wp-block-kadence-advancedheading has-kb-palette-6-color has-text-color\" data-kb-block=\"kb-adv-heading7242_bc2b3a-db\">A <strong>Accademia Italiana<\/strong> reserva-se o direito de <strong>expulsar qualquer estudante<\/strong> cujo comportamento seja considerado insatisfat\u00f3rio, a crit\u00e9rio do <strong>Diretor<\/strong>, cuja decis\u00e3o \u00e9 <strong>final e vinculativa<\/strong>. Nestes casos, <strong>n\u00e3o haver\u00e1 reembolso das propinas<\/strong>..<\/p>\n<\/div><\/div><\/div>\n\n\n\n<div class=\"wp-block-kadence-pane kt-accordion-pane kt-accordion-pane-14 kt-pane7242_d83230-50\"><div class=\"kt-accordion-header-wrap\"><button class=\"kt-blocks-accordion-header kt-acccordion-button-label-show\" type=\"button\"><span class=\"kt-blocks-accordion-title-wrap\"><span class=\"kt-blocks-accordion-title\">Consentimento das regras<\/span><\/span><span class=\"kt-blocks-accordion-icon-trigger\"><\/span><\/button><\/div><div class=\"kt-accordion-panel kt-accordion-panel-hidden\"><div class=\"kt-accordion-panel-inner\"><style>.wp-block-kadence-advancedheading.kt-adv-heading7242_62b155-7c, .wp-block-kadence-advancedheading.kt-adv-heading7242_62b155-7c[data-kb-block=\"kb-adv-heading7242_62b155-7c\"]{font-style:normal;}.wp-block-kadence-advancedheading.kt-adv-heading7242_62b155-7c mark.kt-highlight, .wp-block-kadence-advancedheading.kt-adv-heading7242_62b155-7c[data-kb-block=\"kb-adv-heading7242_62b155-7c\"] mark.kt-highlight{font-style:normal;color:#f76a0c;-webkit-box-decoration-break:clone;box-decoration-break:clone;padding-top:0px;padding-right:0px;padding-bottom:0px;padding-left:0px;}.wp-block-kadence-advancedheading.kt-adv-heading7242_62b155-7c img.kb-inline-image, .wp-block-kadence-advancedheading.kt-adv-heading7242_62b155-7c[data-kb-block=\"kb-adv-heading7242_62b155-7c\"] img.kb-inline-image{width:150px;vertical-align:baseline;}<\/style>\n<p class=\"kt-adv-heading7242_62b155-7c wp-block-kadence-advancedheading has-kb-palette-6-color has-text-color\" data-kb-block=\"kb-adv-heading7242_62b155-7c\">Todas as <strong>inscri\u00e7\u00f5es<\/strong> est\u00e3o sujeitas aos <strong>Termos e Condi\u00e7\u00f5es<\/strong> acima descritos, que se tornam <strong>legalmente vinculativos<\/strong> ap\u00f3s a aceita\u00e7\u00e3o da inscri\u00e7\u00e3o atrav\u00e9s do formul\u00e1rio de inscri\u00e7\u00e3o <strong>eletr\u00f3nico e\/ou assinado<\/strong>, ou qualquer outra forma escrita de inscri\u00e7\u00e3o (incluindo atrav\u00e9s de ag\u00eancias e representantes). Ao inscrever-se, o candidato <strong>aceita tacitamente<\/strong> os nossos Termos e Condi\u00e7\u00f5es<\/p>\n<\/div><\/div><\/div>\n\n\n\n<div class=\"wp-block-kadence-pane kt-accordion-pane kt-accordion-pane-15 kt-pane7242_5444c5-e7\"><div class=\"kt-accordion-header-wrap\"><button class=\"kt-blocks-accordion-header kt-acccordion-button-label-show\" type=\"button\"><span class=\"kt-blocks-accordion-title-wrap\"><span class=\"kt-blocks-accordion-title\">Lei aplic\u00e1vel<\/span><\/span><span class=\"kt-blocks-accordion-icon-trigger\"><\/span><\/button><\/div><div class=\"kt-accordion-panel kt-accordion-panel-hidden\"><div class=\"kt-accordion-panel-inner\"><style>.wp-block-kadence-advancedheading.kt-adv-heading7242_ce1248-93, .wp-block-kadence-advancedheading.kt-adv-heading7242_ce1248-93[data-kb-block=\"kb-adv-heading7242_ce1248-93\"]{font-style:normal;}.wp-block-kadence-advancedheading.kt-adv-heading7242_ce1248-93 mark.kt-highlight, .wp-block-kadence-advancedheading.kt-adv-heading7242_ce1248-93[data-kb-block=\"kb-adv-heading7242_ce1248-93\"] mark.kt-highlight{font-style:normal;color:#f76a0c;-webkit-box-decoration-break:clone;box-decoration-break:clone;padding-top:0px;padding-right:0px;padding-bottom:0px;padding-left:0px;}.wp-block-kadence-advancedheading.kt-adv-heading7242_ce1248-93 img.kb-inline-image, .wp-block-kadence-advancedheading.kt-adv-heading7242_ce1248-93[data-kb-block=\"kb-adv-heading7242_ce1248-93\"] img.kb-inline-image{width:150px;vertical-align:baseline;}<\/style>\n<p class=\"kt-adv-heading7242_ce1248-93 wp-block-kadence-advancedheading has-kb-palette-6-color has-text-color\" data-kb-block=\"kb-adv-heading7242_ce1248-93\">Qualquer disputa, reclama\u00e7\u00e3o, lit\u00edgio ou outro assunto relativo \u00e0 interpreta\u00e7\u00e3o ou execu\u00e7\u00e3o destes <strong>Termos de Inscri\u00e7\u00e3o<\/strong> ser\u00e1 regido pela <strong>legisla\u00e7\u00e3o italiana em vigor<\/strong> e dever\u00e1 ser <strong>apresentado exclusivamente<\/strong> no tribunal competente de <strong>Salerno (It\u00e1lia)<\/strong>, local onde os servi\u00e7os abrangidos pelo contrato s\u00e3o prestados, de acordo com a pr\u00e1tica habitual prevista na lei italiana.<\/p>\n<\/div><\/div><\/div>\n\n\n\n<div class=\"wp-block-kadence-pane kt-accordion-pane kt-accordion-pane-16 kt-pane7242_758217-9c\"><div class=\"kt-accordion-header-wrap\"><button class=\"kt-blocks-accordion-header kt-acccordion-button-label-show\" type=\"button\"><span class=\"kt-blocks-accordion-title-wrap\"><span class=\"kt-blocks-accordion-title\">Fotos, v\u00eddeo e grava\u00e7\u00e3o de \u00e1udio<\/span><\/span><span class=\"kt-blocks-accordion-icon-trigger\"><\/span><\/button><\/div><div class=\"kt-accordion-panel kt-accordion-panel-hidden\"><div class=\"kt-accordion-panel-inner\"><style>.wp-block-kadence-advancedheading.kt-adv-heading7242_5dfd19-05, .wp-block-kadence-advancedheading.kt-adv-heading7242_5dfd19-05[data-kb-block=\"kb-adv-heading7242_5dfd19-05\"]{font-style:normal;}.wp-block-kadence-advancedheading.kt-adv-heading7242_5dfd19-05 mark.kt-highlight, .wp-block-kadence-advancedheading.kt-adv-heading7242_5dfd19-05[data-kb-block=\"kb-adv-heading7242_5dfd19-05\"] mark.kt-highlight{font-style:normal;color:#f76a0c;-webkit-box-decoration-break:clone;box-decoration-break:clone;padding-top:0px;padding-right:0px;padding-bottom:0px;padding-left:0px;}.wp-block-kadence-advancedheading.kt-adv-heading7242_5dfd19-05 img.kb-inline-image, .wp-block-kadence-advancedheading.kt-adv-heading7242_5dfd19-05[data-kb-block=\"kb-adv-heading7242_5dfd19-05\"] img.kb-inline-image{width:150px;vertical-align:baseline;}<\/style>\n<p class=\"kt-adv-heading7242_5dfd19-05 wp-block-kadence-advancedheading has-kb-palette-6-color has-text-color\" data-kb-block=\"kb-adv-heading7242_5dfd19-05\">A <strong>Accademia Italiana<\/strong> pode organizar a <strong>fotografia ou grava\u00e7\u00e3o em v\u00eddeo<\/strong> dos estudantes, bem como utilizar os seus coment\u00e1rios escritos para fins promocionais.<br>Qualquer estudante que <strong>n\u00e3o deseje participar<\/strong> deve informar a escola <strong>por escrito<\/strong>, tanto no momento da reserva quanto no momento da sess\u00e3o de fotografia ou grava\u00e7\u00e3o em v\u00eddeo. Ao aceitar estes termos e condi\u00e7\u00f5es, o estudante (ou o seu pai\/m\u00e3e\/respons\u00e1vel legal, caso tenha menos de 18 anos) <strong>autoriza o uso destas fotografias ou v\u00eddeos<\/strong> sem necessidade de consentimento adicional ou aviso pr\u00e9vio.<\/p>\n<\/div><\/div><\/div>\n\n\n\n<div class=\"wp-block-kadence-pane kt-accordion-pane kt-accordion-pane-17 kt-pane7242_8a1eb6-37\"><div class=\"kt-accordion-header-wrap\"><button class=\"kt-blocks-accordion-header kt-acccordion-button-label-show\" type=\"button\"><span class=\"kt-blocks-accordion-title-wrap\"><span class=\"kt-blocks-accordion-title\">Altera\u00e7\u00f5es nos termos e condi\u00e7\u00f5es<\/span><\/span><span class=\"kt-blocks-accordion-icon-trigger\"><\/span><\/button><\/div><div class=\"kt-accordion-panel kt-accordion-panel-hidden\"><div class=\"kt-accordion-panel-inner\"><style>.wp-block-kadence-advancedheading.kt-adv-heading7242_93a318-33, .wp-block-kadence-advancedheading.kt-adv-heading7242_93a318-33[data-kb-block=\"kb-adv-heading7242_93a318-33\"]{font-style:normal;}.wp-block-kadence-advancedheading.kt-adv-heading7242_93a318-33 mark.kt-highlight, .wp-block-kadence-advancedheading.kt-adv-heading7242_93a318-33[data-kb-block=\"kb-adv-heading7242_93a318-33\"] mark.kt-highlight{font-style:normal;color:#f76a0c;-webkit-box-decoration-break:clone;box-decoration-break:clone;padding-top:0px;padding-right:0px;padding-bottom:0px;padding-left:0px;}.wp-block-kadence-advancedheading.kt-adv-heading7242_93a318-33 img.kb-inline-image, .wp-block-kadence-advancedheading.kt-adv-heading7242_93a318-33[data-kb-block=\"kb-adv-heading7242_93a318-33\"] img.kb-inline-image{width:150px;vertical-align:baseline;}<\/style>\n<p class=\"kt-adv-heading7242_93a318-33 wp-block-kadence-advancedheading has-kb-palette-6-color has-text-color\" data-kb-block=\"kb-adv-heading7242_93a318-33\">A <strong>Accademia Italiana<\/strong> reserva-se o direito de <strong>alterar ou modificar<\/strong> os seus termos e condi\u00e7\u00f5es sem aviso pr\u00e9vio. Nestes casos, qualquer vers\u00e3o mais recente <strong>substitui automaticamente<\/strong> a vers\u00e3o anterior e passa a ser v\u00e1lida para todos os cursos e estudantes a partir da data da sua implementa\u00e7\u00e3o.<\/p>\n<\/div><\/div><\/div>\n<\/div><\/div><\/div>\n<\/div><\/div>\n\n<\/div><\/div>","protected":false},"excerpt":{"rendered":"","protected":false},"author":1,"featured_media":13923,"parent":0,"menu_order":54,"comment_status":"closed","ping_status":"closed","template":"","meta":{"_acf_changed":false,"_kad_blocks_custom_css":"","_kad_blocks_head_custom_js":"","_kad_blocks_body_custom_js":"","_kad_blocks_footer_custom_js":"","_kad_post_transparent":"","_kad_post_title":"","_kad_post_layout":"","_kad_post_sidebar_id":"","_kad_post_content_style":"","_kad_post_vertical_padding":"","_kad_post_feature":"","_kad_post_feature_position":"","_kad_post_header":false,"_kad_post_footer":false,"footnotes":""},"school":[],"class_list":["post-7242","page","type-page","status-publish","has-post-thumbnail","hentry"],"acf":[],"yoast_head":"<!-- This site is optimized with the Yoast SEO plugin v26.8 - https:\/\/yoast.com\/product\/yoast-seo-wordpress\/ -->\n<title>Termos de Inscri\u00e7\u00e3o | Cursos de Italiano | Accademia Italiana<\/title>\n<meta name=\"description\" content=\"Inscrevendo-se os cursos de italiano da Academia Italiana \u00e9 simples: leie e aceite os termos e condi\u00e7\u00f5es, e preencha o formul\u00e1rio de inscri\u00e7\u00e3o.\" \/>\n<meta name=\"robots\" content=\"index, follow, max-snippet:-1, max-image-preview:large, max-video-preview:-1\" \/>\n<link rel=\"canonical\" href=\"https:\/\/accademia-italiana.it\/pt\/condicoes-gerais-de-inscricoes-escola-italiano\/\" \/>\n<meta property=\"og:locale\" content=\"pt_PT\" \/>\n<meta property=\"og:type\" content=\"article\" \/>\n<meta property=\"og:title\" content=\"Termos de Inscri\u00e7\u00e3o | Cursos de Italiano | Accademia Italiana\" \/>\n<meta property=\"og:description\" content=\"Inscrevendo-se os cursos de italiano da Academia Italiana \u00e9 simples: leie e aceite os termos e condi\u00e7\u00f5es, e preencha o formul\u00e1rio de inscri\u00e7\u00e3o.\" \/>\n<meta property=\"og:url\" content=\"https:\/\/accademia-italiana.it\/pt\/condicoes-gerais-de-inscricoes-escola-italiano\/\" \/>\n<meta property=\"og:site_name\" content=\"Accademia Italiana\" \/>\n<meta property=\"article:modified_time\" content=\"2026-03-03T15:18:42+00:00\" \/>\n<meta property=\"og:image\" content=\"https:\/\/accademia-italiana.it\/wp-content\/uploads\/2024\/12\/ais-campuses-img.png\" \/>\n\t<meta property=\"og:image:width\" content=\"860\" \/>\n\t<meta property=\"og:image:height\" content=\"645\" \/>\n\t<meta property=\"og:image:type\" content=\"image\/png\" \/>\n<meta name=\"twitter:card\" content=\"summary_large_image\" \/>\n<meta name=\"twitter:label1\" content=\"Est. reading time\" \/>\n\t<meta name=\"twitter:data1\" content=\"20 minutes\" \/>\n<script type=\"application\/ld+json\" class=\"yoast-schema-graph\">{\"@context\":\"https:\/\/schema.org\",\"@graph\":[{\"@type\":\"WebPage\",\"@id\":\"https:\/\/accademia-italiana.it\/pt\/condicoes-gerais-de-inscricoes-escola-italiano\/\",\"url\":\"https:\/\/accademia-italiana.it\/pt\/condicoes-gerais-de-inscricoes-escola-italiano\/\",\"name\":\"Termos de Inscri\u00e7\u00e3o | Cursos de Italiano | Accademia Italiana\",\"isPartOf\":{\"@id\":\"https:\/\/accademia-italiana.it\/pt\/#website\"},\"primaryImageOfPage\":{\"@id\":\"https:\/\/accademia-italiana.it\/pt\/condicoes-gerais-de-inscricoes-escola-italiano\/#primaryimage\"},\"image\":{\"@id\":\"https:\/\/accademia-italiana.it\/pt\/condicoes-gerais-de-inscricoes-escola-italiano\/#primaryimage\"},\"thumbnailUrl\":\"https:\/\/accademia-italiana.it\/wp-content\/uploads\/2024\/12\/ais-campuses-img.png\",\"datePublished\":\"2024-05-02T02:17:25+00:00\",\"dateModified\":\"2026-03-03T15:18:42+00:00\",\"description\":\"Inscrevendo-se os cursos de italiano da Academia Italiana \u00e9 simples: leie e aceite os termos e condi\u00e7\u00f5es, e preencha o formul\u00e1rio de inscri\u00e7\u00e3o.\",\"breadcrumb\":{\"@id\":\"https:\/\/accademia-italiana.it\/pt\/condicoes-gerais-de-inscricoes-escola-italiano\/#breadcrumb\"},\"inLanguage\":\"pt\",\"potentialAction\":[{\"@type\":\"ReadAction\",\"target\":[\"https:\/\/accademia-italiana.it\/pt\/condicoes-gerais-de-inscricoes-escola-italiano\/\"]}]},{\"@type\":\"ImageObject\",\"inLanguage\":\"pt\",\"@id\":\"https:\/\/accademia-italiana.it\/pt\/condicoes-gerais-de-inscricoes-escola-italiano\/#primaryimage\",\"url\":\"https:\/\/accademia-italiana.it\/wp-content\/uploads\/2024\/12\/ais-campuses-img.png\",\"contentUrl\":\"https:\/\/accademia-italiana.it\/wp-content\/uploads\/2024\/12\/ais-campuses-img.png\",\"width\":860,\"height\":645,\"caption\":\"Two images depicting individuals standing outside a building, showcasing their casual attire and the architectural features.\"},{\"@type\":\"BreadcrumbList\",\"@id\":\"https:\/\/accademia-italiana.it\/pt\/condicoes-gerais-de-inscricoes-escola-italiano\/#breadcrumb\",\"itemListElement\":[{\"@type\":\"ListItem\",\"position\":1,\"name\":\"Home\",\"item\":\"https:\/\/accademia-italiana.it\/pt\/\"},{\"@type\":\"ListItem\",\"position\":2,\"name\":\"Condi\u00e7\u00f5es Gerais de Inscri\u00e7\u00f5es\"}]},{\"@type\":\"WebSite\",\"@id\":\"https:\/\/accademia-italiana.it\/pt\/#website\",\"url\":\"https:\/\/accademia-italiana.it\/pt\/\",\"name\":\"Accademia Italiana\",\"description\":\"Italian Language School in Italy\",\"publisher\":{\"@id\":\"https:\/\/accademia-italiana.it\/pt\/#organization\"},\"potentialAction\":[{\"@type\":\"SearchAction\",\"target\":{\"@type\":\"EntryPoint\",\"urlTemplate\":\"https:\/\/accademia-italiana.it\/pt\/?s={search_term_string}\"},\"query-input\":{\"@type\":\"PropertyValueSpecification\",\"valueRequired\":true,\"valueName\":\"search_term_string\"}}],\"inLanguage\":\"pt\"},{\"@type\":\"Organization\",\"@id\":\"https:\/\/accademia-italiana.it\/pt\/#organization\",\"name\":\"Italian Language School in Italy, italian language school, italian language courses, language school Italyee\",\"url\":\"https:\/\/accademia-italiana.it\/pt\/\",\"logo\":{\"@type\":\"ImageObject\",\"inLanguage\":\"pt\",\"@id\":\"https:\/\/accademia-italiana.it\/pt\/#\/schema\/logo\/image\/\",\"url\":\"https:\/\/accademia-italiana.it\/wp-content\/uploads\/2024\/04\/logo-accademia-semplice-01-Photoroom.png-Photoroom.svg\",\"contentUrl\":\"https:\/\/accademia-italiana.it\/wp-content\/uploads\/2024\/04\/logo-accademia-semplice-01-Photoroom.png-Photoroom.svg\",\"caption\":\"Italian Language School in Italy, italian language school, italian language courses, language school Italyee\"},\"image\":{\"@id\":\"https:\/\/accademia-italiana.it\/pt\/#\/schema\/logo\/image\/\"}}]}<\/script>\n<!-- \/ Yoast SEO plugin. -->","yoast_head_json":{"title":"Termos de Inscri\u00e7\u00e3o | Cursos de Italiano | Accademia Italiana","description":"Inscrevendo-se os cursos de italiano da Academia Italiana \u00e9 simples: leie e aceite os termos e condi\u00e7\u00f5es, e preencha o formul\u00e1rio de inscri\u00e7\u00e3o.","robots":{"index":"index","follow":"follow","max-snippet":"max-snippet:-1","max-image-preview":"max-image-preview:large","max-video-preview":"max-video-preview:-1"},"canonical":"https:\/\/accademia-italiana.it\/pt\/condicoes-gerais-de-inscricoes-escola-italiano\/","og_locale":"pt_PT","og_type":"article","og_title":"Termos de Inscri\u00e7\u00e3o | Cursos de Italiano | Accademia Italiana","og_description":"Inscrevendo-se os cursos de italiano da Academia Italiana \u00e9 simples: leie e aceite os termos e condi\u00e7\u00f5es, e preencha o formul\u00e1rio de inscri\u00e7\u00e3o.","og_url":"https:\/\/accademia-italiana.it\/pt\/condicoes-gerais-de-inscricoes-escola-italiano\/","og_site_name":"Accademia Italiana","article_modified_time":"2026-03-03T15:18:42+00:00","og_image":[{"width":860,"height":645,"url":"https:\/\/accademia-italiana.it\/wp-content\/uploads\/2024\/12\/ais-campuses-img.png","type":"image\/png"}],"twitter_card":"summary_large_image","twitter_misc":{"Est. reading time":"20 minutes"},"schema":{"@context":"https:\/\/schema.org","@graph":[{"@type":"WebPage","@id":"https:\/\/accademia-italiana.it\/pt\/condicoes-gerais-de-inscricoes-escola-italiano\/","url":"https:\/\/accademia-italiana.it\/pt\/condicoes-gerais-de-inscricoes-escola-italiano\/","name":"Termos de Inscri\u00e7\u00e3o | Cursos de Italiano | Accademia Italiana","isPartOf":{"@id":"https:\/\/accademia-italiana.it\/pt\/#website"},"primaryImageOfPage":{"@id":"https:\/\/accademia-italiana.it\/pt\/condicoes-gerais-de-inscricoes-escola-italiano\/#primaryimage"},"image":{"@id":"https:\/\/accademia-italiana.it\/pt\/condicoes-gerais-de-inscricoes-escola-italiano\/#primaryimage"},"thumbnailUrl":"https:\/\/accademia-italiana.it\/wp-content\/uploads\/2024\/12\/ais-campuses-img.png","datePublished":"2024-05-02T02:17:25+00:00","dateModified":"2026-03-03T15:18:42+00:00","description":"Inscrevendo-se os cursos de italiano da Academia Italiana \u00e9 simples: leie e aceite os termos e condi\u00e7\u00f5es, e preencha o formul\u00e1rio de inscri\u00e7\u00e3o.","breadcrumb":{"@id":"https:\/\/accademia-italiana.it\/pt\/condicoes-gerais-de-inscricoes-escola-italiano\/#breadcrumb"},"inLanguage":"pt","potentialAction":[{"@type":"ReadAction","target":["https:\/\/accademia-italiana.it\/pt\/condicoes-gerais-de-inscricoes-escola-italiano\/"]}]},{"@type":"ImageObject","inLanguage":"pt","@id":"https:\/\/accademia-italiana.it\/pt\/condicoes-gerais-de-inscricoes-escola-italiano\/#primaryimage","url":"https:\/\/accademia-italiana.it\/wp-content\/uploads\/2024\/12\/ais-campuses-img.png","contentUrl":"https:\/\/accademia-italiana.it\/wp-content\/uploads\/2024\/12\/ais-campuses-img.png","width":860,"height":645,"caption":"Two images depicting individuals standing outside a building, showcasing their casual attire and the architectural features."},{"@type":"BreadcrumbList","@id":"https:\/\/accademia-italiana.it\/pt\/condicoes-gerais-de-inscricoes-escola-italiano\/#breadcrumb","itemListElement":[{"@type":"ListItem","position":1,"name":"Home","item":"https:\/\/accademia-italiana.it\/pt\/"},{"@type":"ListItem","position":2,"name":"Condi\u00e7\u00f5es Gerais de Inscri\u00e7\u00f5es"}]},{"@type":"WebSite","@id":"https:\/\/accademia-italiana.it\/pt\/#website","url":"https:\/\/accademia-italiana.it\/pt\/","name":"Accademia Italiana","description":"Italian Language School in Italy","publisher":{"@id":"https:\/\/accademia-italiana.it\/pt\/#organization"},"potentialAction":[{"@type":"SearchAction","target":{"@type":"EntryPoint","urlTemplate":"https:\/\/accademia-italiana.it\/pt\/?s={search_term_string}"},"query-input":{"@type":"PropertyValueSpecification","valueRequired":true,"valueName":"search_term_string"}}],"inLanguage":"pt"},{"@type":"Organization","@id":"https:\/\/accademia-italiana.it\/pt\/#organization","name":"Italian Language School in Italy, italian language school, italian language courses, language school Italyee","url":"https:\/\/accademia-italiana.it\/pt\/","logo":{"@type":"ImageObject","inLanguage":"pt","@id":"https:\/\/accademia-italiana.it\/pt\/#\/schema\/logo\/image\/","url":"https:\/\/accademia-italiana.it\/wp-content\/uploads\/2024\/04\/logo-accademia-semplice-01-Photoroom.png-Photoroom.svg","contentUrl":"https:\/\/accademia-italiana.it\/wp-content\/uploads\/2024\/04\/logo-accademia-semplice-01-Photoroom.png-Photoroom.svg","caption":"Italian Language School in Italy, italian language school, italian language courses, language school Italyee"},"image":{"@id":"https:\/\/accademia-italiana.it\/pt\/#\/schema\/logo\/image\/"}}]}},"taxonomy_info":[],"featured_image_src_large":["https:\/\/accademia-italiana.it\/wp-content\/uploads\/2024\/12\/ais-campuses-img.png",860,645,false],"author_info":{"display_name":"admin","author_link":"https:\/\/accademia-italiana.it\/pt\/author\/hemadmin\/"},"comment_info":"","_links":{"self":[{"href":"https:\/\/accademia-italiana.it\/pt\/wp-json\/wp\/v2\/pages\/7242","targetHints":{"allow":["GET"]}}],"collection":[{"href":"https:\/\/accademia-italiana.it\/pt\/wp-json\/wp\/v2\/pages"}],"about":[{"href":"https:\/\/accademia-italiana.it\/pt\/wp-json\/wp\/v2\/types\/page"}],"author":[{"embeddable":true,"href":"https:\/\/accademia-italiana.it\/pt\/wp-json\/wp\/v2\/users\/1"}],"replies":[{"embeddable":true,"href":"https:\/\/accademia-italiana.it\/pt\/wp-json\/wp\/v2\/comments?post=7242"}],"version-history":[{"count":0,"href":"https:\/\/accademia-italiana.it\/pt\/wp-json\/wp\/v2\/pages\/7242\/revisions"}],"wp:featuredmedia":[{"embeddable":true,"href":"https:\/\/accademia-italiana.it\/pt\/wp-json\/wp\/v2\/media\/13923"}],"wp:attachment":[{"href":"https:\/\/accademia-italiana.it\/pt\/wp-json\/wp\/v2\/media?parent=7242"}],"wp:term":[{"taxonomy":"school","embeddable":true,"href":"https:\/\/accademia-italiana.it\/pt\/wp-json\/wp\/v2\/school?post=7242"}],"curies":[{"name":"wp","href":"https:\/\/api.w.org\/{rel}","templated":true}]}}